{"id":70,"date":"2012-04-25T17:06:02","date_gmt":"2012-04-25T16:06:02","guid":{"rendered":"http:\/\/stefanaumann.com.dd11414.kasserver.com\/?page_id=70"},"modified":"2026-04-16T14:42:22","modified_gmt":"2026-04-16T13:42:22","slug":"uber-mich","status":"publish","type":"page","link":"https:\/\/stefanaumann.com\/?page_id=70","title":{"rendered":"Info"},"content":{"rendered":"<div class=\"alignwide-wrap\" data-block=\"media-text\">\n<div class=\"wp-block-media-text alignwide is-stacked-on-mobile is-style-no-margin-vertical has-palette-3-color has-palette-2-background-color has-text-color has-background has-link-color wp-elements-0e004e6f1fcfc36c6d351a3817aab08a\" style=\"grid-template-columns:49% auto\"><figure class=\"wp-block-media-text__media\"><img loading=\"lazy\" decoding=\"async\" width=\"845\" height=\"845\" src=\"https:\/\/stefanaumann.com\/wp-content\/uploads\/2026\/04\/04-26-845x845.jpg\" alt=\"\" class=\"wp-image-10716 size-full\" srcset=\"https:\/\/stefanaumann.com\/wp-content\/uploads\/2026\/04\/04-26-845x845.jpg 845w, https:\/\/stefanaumann.com\/wp-content\/uploads\/2026\/04\/04-26-300x300.jpg 300w, https:\/\/stefanaumann.com\/wp-content\/uploads\/2026\/04\/04-26-145x145.jpg 145w, https:\/\/stefanaumann.com\/wp-content\/uploads\/2026\/04\/04-26-768x768.jpg 768w, https:\/\/stefanaumann.com\/wp-content\/uploads\/2026\/04\/04-26-684x684.jpg 684w, https:\/\/stefanaumann.com\/wp-content\/uploads\/2026\/04\/04-26.jpg 1024w\" sizes=\"auto, (max-width: 845px) 100vw, 845px\" \/><\/figure><div class=\"wp-block-media-text__content\">\n<div class=\"wp-block-columns\">\n<div class=\"wp-block-column\" style=\"flex-basis:100%\">\n<div class=\"wp-block-columns\">\n<div class=\"wp-block-column\" style=\"flex-basis:100%\">\n<h2 class=\"wp-block-heading has-palette-3-color has-text-color\"><strong>Info<\/strong><\/h2>\n\n\n\n<h2 class=\"wp-block-heading has-palette-3-color has-text-color\">Stefan Aumann<br>Sperlingstra\u00dfe 2<br>49393 Lohne<br>mail@stefanaumann.com<\/h2>\n<\/div>\n<\/div>\n<\/div>\n<\/div>\n\n\n\n<p><a href=\"https:\/\/www.instagram.com\/aumi83\/?hl=de\" target=\"_blank\" rel=\"noopener noreferrer\">Stefan bei Instagram<\/a><\/p>\n<\/div><\/div>\n<\/div>\n\n\n<div style=\"height:200px\" aria-hidden=\"true\" class=\"wp-block-spacer\"><\/div>\n\n\n\n<h2 class=\"wp-block-heading has-text-align-center is-style-default\"><meta charset=\"utf-8\"><span style=\"color: #f1cb5c;\"><span style=\"color: #999999;\">Und sonst?!<\/span><\/span><\/h2>\n\n\n\n<div style=\"height:80px\" aria-hidden=\"true\" class=\"wp-block-spacer\"><\/div>\n\n\n<div class=\"alignwide-wrap\" data-block=\"columns\">\n<div class=\"wp-block-columns alignwide\">\n<div class=\"wp-block-column\">\n<div class=\"wp-block-group\"><div class=\"wp-block-group__inner-container is-layout-flow wp-block-group-is-layout-flow\">\n<div style=\"height:20px\" aria-hidden=\"true\" class=\"wp-block-spacer\"><\/div>\n\n\n\n<h2 class=\"wp-block-heading is-style-no-margin-vertical has-large-font-size\"><strong><meta charset=\"utf-8\"><a href=\"http:\/\/stefanaumann.com\/?p=8877\" data-type=\"URL\" data-id=\"http:\/\/stefanaumann.com\/?p=8877\" target=\"_blank\" rel=\"noreferrer noopener\">\u201eEine Hommage ans Pillhuhn\u201c<\/a><\/strong><\/h2>\n\n\n\n<div style=\"height:15px\" aria-hidden=\"true\" class=\"wp-block-spacer\"><\/div>\n\n\n\n<p class=\"is-style-no-margin-vertical\"><em><meta charset=\"utf-8\"><\/em>Fotobuch<meta charset=\"utf-8\">, DIN A4, 152 Seiten<\/p>\n\n\n\n<div style=\"height:15px\" aria-hidden=\"true\" class=\"wp-block-spacer\"><\/div>\n\n\n\n<p class=\"has-palette-2-color has-text-color\"><strong><meta charset=\"utf-8\"><strong>April 2018<\/strong><\/strong><\/p>\n\n\n\n<div style=\"height:20px\" aria-hidden=\"true\" class=\"wp-block-spacer\"><\/div>\n\n\n\n<p><\/p>\n<\/div><\/div>\n<\/div>\n\n\n\n<div class=\"wp-block-column\">\n<div class=\"wp-block-group\"><div class=\"wp-block-group__inner-container is-layout-flow wp-block-group-is-layout-flow\">\n<div style=\"height:20px\" aria-hidden=\"true\" class=\"wp-block-spacer\"><\/div>\n\n\n\n<h2 class=\"wp-block-heading is-style-no-margin-vertical has-large-font-size\"><strong><meta charset=\"utf-8\"><a href=\"http:\/\/oldenburgische-volkszeitung.de\/epaper.php?content=ausgabe&amp;produkt=2\" data-type=\"URL\" data-id=\"http:\/\/oldenburgische-volkszeitung.de\/epaper.php?content=ausgabe&amp;produkt=2\" target=\"_blank\" rel=\"noreferrer noopener\">\u201eDas ehemalige Erzbergwerk Damme\u201c<\/a><\/strong><\/h2>\n\n\n\n<div style=\"height:15px\" aria-hidden=\"true\" class=\"wp-block-spacer\"><\/div>\n\n\n\n<p class=\"is-style-no-margin-vertical\"><em><meta charset=\"utf-8\"><\/em>Fotostrecke im Magazin \u201ePromenade\u201c, <meta charset=\"utf-8\">Seiten 64 \u2013 66<\/p>\n\n\n\n<div style=\"height:15px\" aria-hidden=\"true\" class=\"wp-block-spacer\"><\/div>\n\n\n\n<p class=\"has-palette-2-color has-text-color\"><strong><meta charset=\"utf-8\"><strong>September 2017<\/strong><\/strong><\/p>\n\n\n\n<div style=\"height:20px\" aria-hidden=\"true\" class=\"wp-block-spacer\"><\/div>\n<\/div><\/div>\n<\/div>\n\n\n\n<div class=\"wp-block-column\">\n<div class=\"wp-block-group\"><div class=\"wp-block-group__inner-container is-layout-flow wp-block-group-is-layout-flow\">\n<div style=\"height:20px\" aria-hidden=\"true\" class=\"wp-block-spacer\"><\/div>\n\n\n\n<h2 class=\"wp-block-heading is-style-no-margin-vertical has-large-font-size\"><strong><meta charset=\"utf-8\">\u201eHerbst im Hopener Burgwald in Lohne\u201c<\/strong><\/h2>\n\n\n\n<div style=\"height:15px\" aria-hidden=\"true\" class=\"wp-block-spacer\"><\/div>\n\n\n\n<p class=\"is-style-no-margin-vertical\"><em><meta charset=\"utf-8\"><\/em>Fotostrecke im Magazin \u201ePromenade\u201c, <meta charset=\"utf-8\">Seiten 58 \u2013 61<\/p>\n\n\n\n<div style=\"height:15px\" aria-hidden=\"true\" class=\"wp-block-spacer\"><\/div>\n\n\n\n<p class=\"has-palette-2-color has-text-color\"><strong><meta charset=\"utf-8\"><strong><strong>September 2017<\/strong><\/strong><\/strong><\/p>\n\n\n\n<div style=\"height:20px\" aria-hidden=\"true\" class=\"wp-block-spacer\"><\/div>\n<\/div><\/div>\n<\/div>\n<\/div>\n<\/div>\n\n<div class=\"alignwide-wrap\" data-block=\"columns\">\n<div class=\"wp-block-columns alignwide\">\n<div class=\"wp-block-column\">\n<div class=\"wp-block-group\"><div class=\"wp-block-group__inner-container is-layout-flow wp-block-group-is-layout-flow\">\n<div style=\"height:20px\" aria-hidden=\"true\" class=\"wp-block-spacer\"><\/div>\n\n\n\n<h2 class=\"wp-block-heading is-style-no-margin-vertical has-large-font-size\"><strong><meta charset=\"utf-8\">\u201eD\u00fcmmer See\u201c<\/strong><\/h2>\n\n\n\n<div style=\"height:15px\" aria-hidden=\"true\" class=\"wp-block-spacer\"><\/div>\n\n\n\n<p class=\"is-style-no-margin-vertical\"><em><meta charset=\"utf-8\"><\/em>Fotostrecke im Magazin \u201ePromenade\u201c, <meta charset=\"utf-8\">Seiten 50 \u2013 53<\/p>\n\n\n\n<div style=\"height:15px\" aria-hidden=\"true\" class=\"wp-block-spacer\"><\/div>\n\n\n\n<p class=\"has-palette-2-color has-text-color\"><strong><meta charset=\"utf-8\"><strong><strong>August 2017<\/strong><\/strong><\/strong><\/p>\n\n\n\n<div style=\"height:20px\" aria-hidden=\"true\" class=\"wp-block-spacer\"><\/div>\n<\/div><\/div>\n<\/div>\n\n\n\n<div class=\"wp-block-column\">\n<div class=\"wp-block-group\"><div class=\"wp-block-group__inner-container is-layout-flow wp-block-group-is-layout-flow\">\n<div style=\"height:20px\" aria-hidden=\"true\" class=\"wp-block-spacer\"><\/div>\n\n\n\n<h2 class=\"wp-block-heading is-style-no-margin-vertical has-large-font-size\"><strong><meta charset=\"utf-8\"><a href=\"http:\/\/stefanaumann.com\/wp-content\/uploads\/2017\/09\/fotobuch-danner.jpg\" data-rel=\"lightbox-gallery-RyjpGYZ6\" data-rl_title=\"\" data-rl_caption=\"\" title=\"\">\u201eFotos aus dem Danner K\u00f6nigsjahr 2015\/2016\u201c<\/a><\/strong><\/h2>\n\n\n\n<div style=\"height:15px\" aria-hidden=\"true\" class=\"wp-block-spacer\"><\/div>\n\n\n\n<p class=\"is-style-no-margin-vertical\"><em><meta charset=\"utf-8\"><\/em>Fotobuch, DIN A4, 160 Seiten<\/p>\n\n\n\n<div style=\"height:15px\" aria-hidden=\"true\" class=\"wp-block-spacer\"><\/div>\n\n\n\n<p class=\"has-palette-2-color has-text-color\"><strong>Juli 2017<\/strong><\/p>\n\n\n\n<div style=\"height:20px\" aria-hidden=\"true\" class=\"wp-block-spacer\"><\/div>\n<\/div><\/div>\n<\/div>\n\n\n\n<div class=\"wp-block-column\">\n<div class=\"wp-block-group\"><div class=\"wp-block-group__inner-container is-layout-flow wp-block-group-is-layout-flow\">\n<div style=\"height:20px\" aria-hidden=\"true\" class=\"wp-block-spacer\"><\/div>\n\n\n\n<h2 class=\"wp-block-heading is-style-no-margin-vertical has-large-font-size\"><strong><meta charset=\"utf-8\"><a href=\"http:\/\/stefanaumann.com\/wp-content\/uploads\/2017\/09\/fotobuch-downunder.jpg\" data-rel=\"lightbox-gallery-RyjpGYZ6\" data-rl_title=\"\" data-rl_caption=\"\" title=\"\">\u201eLAND DOWN UNDER &#8211; Von Melbourne<br>nach Sydney und weiter nach Brisbane\u201c<\/a><\/strong><\/h2>\n\n\n\n<div style=\"height:15px\" aria-hidden=\"true\" class=\"wp-block-spacer\"><\/div>\n\n\n\n<p class=\"is-style-no-margin-vertical\">Fotobuch, <meta charset=\"utf-8\">DIN A4, 134 Seiten<\/p>\n\n\n\n<div style=\"height:15px\" aria-hidden=\"true\" class=\"wp-block-spacer\"><\/div>\n\n\n\n<p class=\"has-palette-2-color has-text-color\"><strong><meta charset=\"utf-8\"><strong>Dezember 2016<\/strong><\/strong><\/p>\n\n\n\n<div style=\"height:20px\" aria-hidden=\"true\" class=\"wp-block-spacer\"><\/div>\n<\/div><\/div>\n<\/div>\n<\/div>\n<\/div>\n\n<div class=\"alignwide-wrap\" data-block=\"columns\">\n<div class=\"wp-block-columns alignwide\">\n<div class=\"wp-block-column\">\n<div class=\"wp-block-group\"><div class=\"wp-block-group__inner-container is-layout-flow wp-block-group-is-layout-flow\">\n<div style=\"height:20px\" aria-hidden=\"true\" class=\"wp-block-spacer\"><\/div>\n\n\n\n<h2 class=\"wp-block-heading is-style-no-margin-vertical has-large-font-size\"><strong><meta charset=\"utf-8\">1. Preis<\/strong><\/h2>\n\n\n\n<div style=\"height:15px\" aria-hidden=\"true\" class=\"wp-block-spacer\"><\/div>\n\n\n\n<p class=\"is-style-no-margin-vertical\"><em><meta charset=\"utf-8\"><\/em>Fotowettbewerb auf hamburg.de<br>f\u00fcr <a rel=\"noopener noreferrer\" href=\"https:\/\/www.facebook.com\/Hamburg\/photos\/a.10150638795287928.389905.7146002927\/10154285121592928\/?type=3\" target=\"_blank\">Hamburgs Facebookpr\u00e4senz<\/a><\/p>\n\n\n\n<div style=\"height:15px\" aria-hidden=\"true\" class=\"wp-block-spacer\"><\/div>\n\n\n\n<p class=\"has-palette-2-color has-text-color\"><strong><meta charset=\"utf-8\"><strong>Oktober 2016<\/strong><\/strong><\/p>\n\n\n\n<div style=\"height:20px\" aria-hidden=\"true\" class=\"wp-block-spacer\"><\/div>\n<\/div><\/div>\n<\/div>\n\n\n\n<div class=\"wp-block-column\">\n<div class=\"wp-block-group\"><div class=\"wp-block-group__inner-container is-layout-flow wp-block-group-is-layout-flow\">\n<div style=\"height:20px\" aria-hidden=\"true\" class=\"wp-block-spacer\"><\/div>\n\n\n\n<h2 class=\"wp-block-heading is-style-no-margin-vertical has-large-font-size\"><strong><meta charset=\"utf-8\"><a href=\"https:\/\/www.amazon.de\/Fotografien-rund-D%C3%BCmmer-Wandkalender-2016\/dp\/3664144996\/ref=sr_1_3?ie=UTF8&amp;qid=1505809918&amp;sr=8-3&amp;keywords=stefan+aumann\">\u201eFotografien rund um den D\u00fcmmer See\u201c<\/a><\/strong><\/h2>\n\n\n\n<div style=\"height:15px\" aria-hidden=\"true\" class=\"wp-block-spacer\"><\/div>\n\n\n\n<p class=\"is-style-no-margin-vertical\"><em><meta charset=\"utf-8\"><\/em>Wandkalender in diversen Formaten<\/p>\n\n\n\n<div style=\"height:15px\" aria-hidden=\"true\" class=\"wp-block-spacer\"><\/div>\n\n\n\n<p class=\"has-palette-2-color has-text-color\"><strong><meta charset=\"utf-8\"><strong>2016<\/strong><\/strong><\/p>\n\n\n\n<div style=\"height:20px\" aria-hidden=\"true\" class=\"wp-block-spacer\"><\/div>\n<\/div><\/div>\n<\/div>\n\n\n\n<div class=\"wp-block-column\">\n<div class=\"wp-block-group\"><div class=\"wp-block-group__inner-container is-layout-flow wp-block-group-is-layout-flow\">\n<div style=\"height:20px\" aria-hidden=\"true\" class=\"wp-block-spacer\"><\/div>\n\n\n\n<h2 class=\"wp-block-heading is-style-no-margin-vertical has-large-font-size\"><strong><meta charset=\"utf-8\"><a href=\"https:\/\/www.amazon.de\/Australien-2016-Wandkalender-fotografische-Monatskalender\/dp\/3664563441\/ref=sr_1_7?ie=UTF8&amp;qid=1505809918&amp;sr=8-7&amp;keywords=stefan+aumann\">\u201eAustralien 2016 &#8211; Unterwegs an der<br>S\u00fcd- und Ostk\u00fcste\u201c<\/a>, <\/strong><\/h2>\n\n\n\n<div style=\"height:15px\" aria-hidden=\"true\" class=\"wp-block-spacer\"><\/div>\n\n\n\n<p class=\"is-style-no-margin-vertical\"><em><meta charset=\"utf-8\"><\/em>Wandkalender in diversen Formaten<\/p>\n\n\n\n<div style=\"height:15px\" aria-hidden=\"true\" class=\"wp-block-spacer\"><\/div>\n\n\n\n<p class=\"has-palette-2-color has-text-color\"><strong><meta charset=\"utf-8\"><strong>2016<\/strong><\/strong><\/p>\n\n\n\n<div style=\"height:20px\" aria-hidden=\"true\" class=\"wp-block-spacer\"><\/div>\n<\/div><\/div>\n<\/div>\n<\/div>\n<\/div>\n\n\n<h4 class=\"wp-block-heading\">Urheberrechtshinweis<\/h4>\n\n\n\n<p>Alle Inhalte dieses Internetangebotes, insbesondere Texte, Fotografien und Grafiken, sind urheberrechtlich gesch\u00fctzt (Copyright). Das Urheberrecht liegt, soweit nicht ausdr\u00fccklich anders gekennzeichnet, bei Stefan Aumann. Bitte fragen Sie, falls Sie die Inhalte dieses Internetangebotes verwenden m\u00f6chten. Wer gegen das Urheberrecht verst\u00f6\u00dft (z.B. die Inhalte unerlaubt auf die eigene Homepage kopiert), macht sich gem. \u00a7 106 ff Urhebergesetz (UrhG) strafbar. Er wird zudem kostenpflichtig abgemahnt und muss Schadensersatz leisten. Kopien von Inhalten k\u00f6nnen im Internet ohne gro\u00dfen Aufwand verfolgt werden.<\/p>\n","protected":false},"excerpt":{"rendered":"<div class=\"entry-summary\">\nUnd sonst?! \u201eEine Hommage ans Pillhuhn\u201c Fotobuch, DIN A4, 152 Seiten April 2018 \u201eDas ehemalige Erzbergwerk Damme\u201c Fotostrecke im Magazin \u201ePromenade\u201c, Seiten 64 \u2013 66 September 2017 \u201eHerbst im Hopener Burgwald in&hellip;\n<\/div>\n<div class=\"link-more-container\"><a href=\"https:\/\/stefanaumann.com\/?page_id=70\" class=\"link-more\" aria-label=\"Continue reading Info\">Continue reading&hellip;<\/a><\/div>\n","protected":false},"author":1,"featured_media":0,"parent":0,"menu_order":10,"comment_status":"closed","ping_status":"closed","template":"templates\/no-intro-header-overlaid-dark.php","meta":{"footnotes":""},"class_list":["post-70","page","type-page","status-publish","hentry","entry","entry-type-page"],"_links":{"self":[{"href":"https:\/\/stefanaumann.com\/index.php?rest_route=\/wp\/v2\/pages\/70","targetHints":{"allow":["GET"]}}],"collection":[{"href":"https:\/\/stefanaumann.com\/index.php?rest_route=\/wp\/v2\/pages"}],"about":[{"href":"https:\/\/stefanaumann.com\/index.php?rest_route=\/wp\/v2\/types\/page"}],"author":[{"embeddable":true,"href":"https:\/\/stefanaumann.com\/index.php?rest_route=\/wp\/v2\/users\/1"}],"replies":[{"embeddable":true,"href":"https:\/\/stefanaumann.com\/index.php?rest_route=%2Fwp%2Fv2%2Fcomments&post=70"}],"version-history":[{"count":197,"href":"https:\/\/stefanaumann.com\/index.php?rest_route=\/wp\/v2\/pages\/70\/revisions"}],"predecessor-version":[{"id":10717,"href":"https:\/\/stefanaumann.com\/index.php?rest_route=\/wp\/v2\/pages\/70\/revisions\/10717"}],"wp:attachment":[{"href":"https:\/\/stefanaumann.com\/index.php?rest_route=%2Fwp%2Fv2%2Fmedia&parent=70"}],"curies":[{"name":"wp","href":"https:\/\/api.w.org\/{rel}","templated":true}]}}