{"id":9748,"date":"2021-07-28T10:55:55","date_gmt":"2021-07-28T09:55:55","guid":{"rendered":"http:\/\/stefanaumann.com\/?page_id=9748"},"modified":"2021-08-26T14:04:47","modified_gmt":"2021-08-26T13:04:47","slug":"fotografie","status":"publish","type":"page","link":"https:\/\/stefanaumann.com\/?page_id=9748","title":{"rendered":"Fotografie"},"content":{"rendered":"\n<div class=\"wp-block-buttons is-layout-flex wp-block-buttons-is-layout-flex\"><\/div>\n\n\n<div class=\"alignwide-wrap\" data-block=\"latest-posts\"><div class=\"wp-block-latest-posts__alignwide-wrap alignwide\"><ul class=\"wp-block-latest-posts__list is-grid columns-3 has-dates alignwide wp-block-latest-posts\"><li><div class=\"wp-block-latest-posts__featured-image\"><img loading=\"lazy\" decoding=\"async\" width=\"845\" height=\"347\" src=\"https:\/\/stefanaumann.com\/wp-content\/uploads\/2025\/11\/w004-845x347.jpg\" class=\"attachment-large size-large wp-post-image\" alt=\"\" style=\"\" srcset=\"https:\/\/stefanaumann.com\/wp-content\/uploads\/2025\/11\/w004-845x347.jpg 845w, https:\/\/stefanaumann.com\/wp-content\/uploads\/2025\/11\/w004-300x123.jpg 300w, https:\/\/stefanaumann.com\/wp-content\/uploads\/2025\/11\/w004-768x315.jpg 768w, https:\/\/stefanaumann.com\/wp-content\/uploads\/2025\/11\/w004-1536x630.jpg 1536w, https:\/\/stefanaumann.com\/wp-content\/uploads\/2025\/11\/w004-2048x840.jpg 2048w\" sizes=\"auto, (max-width: 845px) 100vw, 845px\" \/><\/div><a class=\"wp-block-latest-posts__post-title\" href=\"https:\/\/stefanaumann.com\/?p=10688\">Wangerooge analog<\/a><div class=\"entry-meta\"><time datetime=\"2025-11-18T20:24:01+01:00\" class=\"wp-block-latest-posts__post-date\">18. November 2025<\/time><\/div><div class=\"wp-block-latest-posts__post-excerpt\"><div class=\"entry-summary\">\nDer gesamte Film \u2013 inklusive Perforationsstreifen \u2013 wurde belichtet, ein Aufnahmeverfahren, das perfekt zum ungez\u00e4hmten Wetter passte.\n<\/div><div class=\"link-more-container\"><a href=\"https:\/\/stefanaumann.com\/?p=10688\" class=\"link-more\" aria-label=\"Continue reading Wangerooge analog\">Continue reading&hellip;<\/a><\/div><\/div><\/li>\n<li><div class=\"wp-block-latest-posts__featured-image\"><img loading=\"lazy\" decoding=\"async\" width=\"845\" height=\"559\" src=\"https:\/\/stefanaumann.com\/wp-content\/uploads\/2025\/11\/L1001480-845x559.jpg\" class=\"attachment-large size-large wp-post-image\" alt=\"\" style=\"\" srcset=\"https:\/\/stefanaumann.com\/wp-content\/uploads\/2025\/11\/L1001480-845x559.jpg 845w, https:\/\/stefanaumann.com\/wp-content\/uploads\/2025\/11\/L1001480-300x198.jpg 300w, https:\/\/stefanaumann.com\/wp-content\/uploads\/2025\/11\/L1001480-768x508.jpg 768w, https:\/\/stefanaumann.com\/wp-content\/uploads\/2025\/11\/L1001480-1536x1016.jpg 1536w, https:\/\/stefanaumann.com\/wp-content\/uploads\/2025\/11\/L1001480-2048x1354.jpg 2048w\" sizes=\"auto, (max-width: 845px) 100vw, 845px\" \/><\/div><a class=\"wp-block-latest-posts__post-title\" href=\"https:\/\/stefanaumann.com\/?p=10669\">Wangerooge<\/a><div class=\"entry-meta\"><time datetime=\"2025-11-17T14:56:08+01:00\" class=\"wp-block-latest-posts__post-date\">17. November 2025<\/time><\/div><div class=\"wp-block-latest-posts__post-excerpt\"><div class=\"entry-summary\">\nRaues Novemberlicht, peitschender Wind und die stille Weite Wangerooges pr\u00e4gen diese Schwarzwei\u00dfserie.\n<\/div><div class=\"link-more-container\"><a href=\"https:\/\/stefanaumann.com\/?p=10669\" class=\"link-more\" aria-label=\"Continue reading Wangerooge\">Continue reading&hellip;<\/a><\/div><\/div><\/li>\n<li><div class=\"wp-block-latest-posts__featured-image\"><img loading=\"lazy\" decoding=\"async\" width=\"845\" height=\"845\" src=\"https:\/\/stefanaumann.com\/wp-content\/uploads\/2025\/11\/01-845x845.jpg\" class=\"attachment-large size-large wp-post-image\" alt=\"\" style=\"\" srcset=\"https:\/\/stefanaumann.com\/wp-content\/uploads\/2025\/11\/01-845x845.jpg 845w, https:\/\/stefanaumann.com\/wp-content\/uploads\/2025\/11\/01-300x300.jpg 300w, https:\/\/stefanaumann.com\/wp-content\/uploads\/2025\/11\/01-145x145.jpg 145w, https:\/\/stefanaumann.com\/wp-content\/uploads\/2025\/11\/01-768x768.jpg 768w, https:\/\/stefanaumann.com\/wp-content\/uploads\/2025\/11\/01-1536x1536.jpg 1536w, https:\/\/stefanaumann.com\/wp-content\/uploads\/2025\/11\/01-684x684.jpg 684w, https:\/\/stefanaumann.com\/wp-content\/uploads\/2025\/11\/01.jpg 2000w\" sizes=\"auto, (max-width: 845px) 100vw, 845px\" \/><\/div><a class=\"wp-block-latest-posts__post-title\" href=\"https:\/\/stefanaumann.com\/?p=10657\">Strandby, D\u00e4nemark<\/a><div class=\"entry-meta\"><time datetime=\"2025-11-06T10:30:52+01:00\" class=\"wp-block-latest-posts__post-date\">6. November 2025<\/time><\/div><div class=\"wp-block-latest-posts__post-excerpt\"><div class=\"entry-summary\">\nSpaziergang am Strand von Strandby im Norden D\u00e4nemarks.\n<\/div><div class=\"link-more-container\"><a href=\"https:\/\/stefanaumann.com\/?p=10657\" class=\"link-more\" aria-label=\"Continue reading Strandby, D\u00e4nemark\">Continue reading&hellip;<\/a><\/div><\/div><\/li>\n<li><div class=\"wp-block-latest-posts__featured-image\"><img loading=\"lazy\" decoding=\"async\" width=\"845\" height=\"559\" src=\"https:\/\/stefanaumann.com\/wp-content\/uploads\/2025\/03\/L1007053-1-845x559.jpg\" class=\"attachment-large size-large wp-post-image\" alt=\"\" style=\"\" srcset=\"https:\/\/stefanaumann.com\/wp-content\/uploads\/2025\/03\/L1007053-1-845x559.jpg 845w, https:\/\/stefanaumann.com\/wp-content\/uploads\/2025\/03\/L1007053-1-300x198.jpg 300w, https:\/\/stefanaumann.com\/wp-content\/uploads\/2025\/03\/L1007053-1-768x508.jpg 768w, https:\/\/stefanaumann.com\/wp-content\/uploads\/2025\/03\/L1007053-1-1536x1015.jpg 1536w, https:\/\/stefanaumann.com\/wp-content\/uploads\/2025\/03\/L1007053-1.jpg 2000w\" sizes=\"auto, (max-width: 845px) 100vw, 845px\" \/><\/div><a class=\"wp-block-latest-posts__post-title\" href=\"https:\/\/stefanaumann.com\/?p=10526\">Helgoland<\/a><div class=\"entry-meta\"><time datetime=\"2025-03-25T09:17:06+01:00\" class=\"wp-block-latest-posts__post-date\">25. M\u00e4rz 2025<\/time><\/div><div class=\"wp-block-latest-posts__post-excerpt\"><div class=\"entry-summary\">\nHelgoland bei bestem Wetter \u2013 zwischen Geschichte, Natur und Genuss\n<\/div><div class=\"link-more-container\"><a href=\"https:\/\/stefanaumann.com\/?p=10526\" class=\"link-more\" aria-label=\"Continue reading Helgoland\">Continue reading&hellip;<\/a><\/div><\/div><\/li>\n<li><div class=\"wp-block-latest-posts__featured-image\"><img loading=\"lazy\" decoding=\"async\" width=\"845\" height=\"845\" src=\"https:\/\/stefanaumann.com\/wp-content\/uploads\/2025\/02\/wooge00001-845x845.jpg\" class=\"attachment-large size-large wp-post-image\" alt=\"\" style=\"\" srcset=\"https:\/\/stefanaumann.com\/wp-content\/uploads\/2025\/02\/wooge00001-845x845.jpg 845w, https:\/\/stefanaumann.com\/wp-content\/uploads\/2025\/02\/wooge00001-300x300.jpg 300w, https:\/\/stefanaumann.com\/wp-content\/uploads\/2025\/02\/wooge00001-145x145.jpg 145w, https:\/\/stefanaumann.com\/wp-content\/uploads\/2025\/02\/wooge00001-768x768.jpg 768w, https:\/\/stefanaumann.com\/wp-content\/uploads\/2025\/02\/wooge00001-1536x1536.jpg 1536w, https:\/\/stefanaumann.com\/wp-content\/uploads\/2025\/02\/wooge00001-684x684.jpg 684w, https:\/\/stefanaumann.com\/wp-content\/uploads\/2025\/02\/wooge00001.jpg 2000w\" sizes=\"auto, (max-width: 845px) 100vw, 845px\" \/><\/div><a class=\"wp-block-latest-posts__post-title\" href=\"https:\/\/stefanaumann.com\/?p=10491\">Wangerooge<\/a><div class=\"entry-meta\"><time datetime=\"2025-02-14T12:11:09+01:00\" class=\"wp-block-latest-posts__post-date\">14. Februar 2025<\/time><\/div><div class=\"wp-block-latest-posts__post-excerpt\"><div class=\"entry-summary\">\nWinterliches Februarwetter auf Wangerooge\n<\/div><div class=\"link-more-container\"><a href=\"https:\/\/stefanaumann.com\/?p=10491\" class=\"link-more\" aria-label=\"Continue reading Wangerooge\">Continue reading&hellip;<\/a><\/div><\/div><\/li>\n<li><div class=\"wp-block-latest-posts__featured-image\"><img loading=\"lazy\" decoding=\"async\" width=\"845\" height=\"845\" src=\"https:\/\/stefanaumann.com\/wp-content\/uploads\/2024\/08\/Stoppelmarkt12-845x845.jpg\" class=\"attachment-large size-large wp-post-image\" alt=\"\" style=\"\" srcset=\"https:\/\/stefanaumann.com\/wp-content\/uploads\/2024\/08\/Stoppelmarkt12-845x845.jpg 845w, https:\/\/stefanaumann.com\/wp-content\/uploads\/2024\/08\/Stoppelmarkt12-300x300.jpg 300w, https:\/\/stefanaumann.com\/wp-content\/uploads\/2024\/08\/Stoppelmarkt12-145x145.jpg 145w, https:\/\/stefanaumann.com\/wp-content\/uploads\/2024\/08\/Stoppelmarkt12-768x768.jpg 768w, https:\/\/stefanaumann.com\/wp-content\/uploads\/2024\/08\/Stoppelmarkt12-684x684.jpg 684w, https:\/\/stefanaumann.com\/wp-content\/uploads\/2024\/08\/Stoppelmarkt12.jpg 1080w\" sizes=\"auto, (max-width: 845px) 100vw, 845px\" \/><\/div><a class=\"wp-block-latest-posts__post-title\" href=\"https:\/\/stefanaumann.com\/?p=10473\">Stoppelmarktaufbau<\/a><div class=\"entry-meta\"><time datetime=\"2024-08-05T08:12:12+01:00\" class=\"wp-block-latest-posts__post-date\">5. August 2024<\/time><\/div><div class=\"wp-block-latest-posts__post-excerpt\"><div class=\"entry-summary\">\nStand der Aufbauarbeiten auf der Westerheide vor dem Beginn der f\u00fcnften Jahreszeit\n<\/div><div class=\"link-more-container\"><a href=\"https:\/\/stefanaumann.com\/?p=10473\" class=\"link-more\" aria-label=\"Continue reading Stoppelmarktaufbau\">Continue reading&hellip;<\/a><\/div><\/div><\/li>\n<li><div class=\"wp-block-latest-posts__featured-image\"><img loading=\"lazy\" decoding=\"async\" width=\"845\" height=\"845\" src=\"https:\/\/stefanaumann.com\/wp-content\/uploads\/2024\/08\/L1002428-845x845.jpg\" class=\"attachment-large size-large wp-post-image\" alt=\"\" style=\"\" srcset=\"https:\/\/stefanaumann.com\/wp-content\/uploads\/2024\/08\/L1002428-845x845.jpg 845w, https:\/\/stefanaumann.com\/wp-content\/uploads\/2024\/08\/L1002428-300x300.jpg 300w, https:\/\/stefanaumann.com\/wp-content\/uploads\/2024\/08\/L1002428-145x145.jpg 145w, https:\/\/stefanaumann.com\/wp-content\/uploads\/2024\/08\/L1002428-768x768.jpg 768w, https:\/\/stefanaumann.com\/wp-content\/uploads\/2024\/08\/L1002428-1536x1536.jpg 1536w, https:\/\/stefanaumann.com\/wp-content\/uploads\/2024\/08\/L1002428-2048x2048.jpg 2048w, https:\/\/stefanaumann.com\/wp-content\/uploads\/2024\/08\/L1002428-684x684.jpg 684w\" sizes=\"auto, (max-width: 845px) 100vw, 845px\" \/><\/div><a class=\"wp-block-latest-posts__post-title\" href=\"https:\/\/stefanaumann.com\/?p=10450\">Geirangerfjord, Norwegen<\/a><div class=\"entry-meta\"><time datetime=\"2024-08-01T08:25:37+01:00\" class=\"wp-block-latest-posts__post-date\">1. August 2024<\/time><\/div><div class=\"wp-block-latest-posts__post-excerpt\"><div class=\"entry-summary\">\nDer Geirangerfjord in Norwegen im Juli 2024 von Bord der Costa Diadema fotografiert.\n<\/div><div class=\"link-more-container\"><a href=\"https:\/\/stefanaumann.com\/?p=10450\" class=\"link-more\" aria-label=\"Continue reading Geirangerfjord, Norwegen\">Continue reading&hellip;<\/a><\/div><\/div><\/li>\n<li><div class=\"wp-block-latest-posts__featured-image\"><img loading=\"lazy\" decoding=\"async\" width=\"845\" height=\"559\" src=\"https:\/\/stefanaumann.com\/wp-content\/uploads\/2022\/11\/L1001263-845x559.jpg\" class=\"attachment-large size-large wp-post-image\" alt=\"\" style=\"\" srcset=\"https:\/\/stefanaumann.com\/wp-content\/uploads\/2022\/11\/L1001263-845x559.jpg 845w, https:\/\/stefanaumann.com\/wp-content\/uploads\/2022\/11\/L1001263-300x198.jpg 300w, https:\/\/stefanaumann.com\/wp-content\/uploads\/2022\/11\/L1001263-768x508.jpg 768w, https:\/\/stefanaumann.com\/wp-content\/uploads\/2022\/11\/L1001263.jpg 1500w\" sizes=\"auto, (max-width: 845px) 100vw, 845px\" \/><\/div><a class=\"wp-block-latest-posts__post-title\" href=\"https:\/\/stefanaumann.com\/?p=10411\">Bahnhofsviertel Vechta &#8211; Nov 2022<\/a><div class=\"entry-meta\"><time datetime=\"2022-11-14T19:22:04+01:00\" class=\"wp-block-latest-posts__post-date\">14. November 2022<\/time><\/div><div class=\"wp-block-latest-posts__post-excerpt\"><div class=\"entry-summary\">\nMorgendliche Sonne in Vechtas Bahnhofsviertel.\n<\/div><div class=\"link-more-container\"><a href=\"https:\/\/stefanaumann.com\/?p=10411\" class=\"link-more\" aria-label=\"Continue reading Bahnhofsviertel Vechta &#8211; Nov 2022\">Continue reading&hellip;<\/a><\/div><\/div><\/li>\n<li><div class=\"wp-block-latest-posts__featured-image\"><img loading=\"lazy\" decoding=\"async\" width=\"845\" height=\"559\" src=\"https:\/\/stefanaumann.com\/wp-content\/uploads\/2022\/11\/L1000819-845x559.jpg\" class=\"attachment-large size-large wp-post-image\" alt=\"\" style=\"\" srcset=\"https:\/\/stefanaumann.com\/wp-content\/uploads\/2022\/11\/L1000819-845x559.jpg 845w, https:\/\/stefanaumann.com\/wp-content\/uploads\/2022\/11\/L1000819-300x198.jpg 300w, https:\/\/stefanaumann.com\/wp-content\/uploads\/2022\/11\/L1000819-768x508.jpg 768w, https:\/\/stefanaumann.com\/wp-content\/uploads\/2022\/11\/L1000819-1536x1016.jpg 1536w, https:\/\/stefanaumann.com\/wp-content\/uploads\/2022\/11\/L1000819-2048x1355.jpg 2048w\" sizes=\"auto, (max-width: 845px) 100vw, 845px\" \/><\/div><a class=\"wp-block-latest-posts__post-title\" href=\"https:\/\/stefanaumann.com\/?p=10390\">Groningen<\/a><div class=\"entry-meta\"><time datetime=\"2022-11-07T13:29:10+01:00\" class=\"wp-block-latest-posts__post-date\">7. November 2022<\/time><\/div><div class=\"wp-block-latest-posts__post-excerpt\"><div class=\"entry-summary\">\nStreet photography in Groningen am 29. Oktober 2022. Unterwegs in der N\u00e4he vom Vismarkt.\n<\/div><div class=\"link-more-container\"><a href=\"https:\/\/stefanaumann.com\/?p=10390\" class=\"link-more\" aria-label=\"Continue reading Groningen\">Continue reading&hellip;<\/a><\/div><\/div><\/li>\n<li><div class=\"wp-block-latest-posts__featured-image\"><img loading=\"lazy\" decoding=\"async\" width=\"845\" height=\"845\" src=\"https:\/\/stefanaumann.com\/wp-content\/uploads\/2022\/08\/L1008413-845x845.jpg\" class=\"attachment-large size-large wp-post-image\" alt=\"\" style=\"\" srcset=\"https:\/\/stefanaumann.com\/wp-content\/uploads\/2022\/08\/L1008413-845x845.jpg 845w, https:\/\/stefanaumann.com\/wp-content\/uploads\/2022\/08\/L1008413-300x300.jpg 300w, https:\/\/stefanaumann.com\/wp-content\/uploads\/2022\/08\/L1008413-145x145.jpg 145w, https:\/\/stefanaumann.com\/wp-content\/uploads\/2022\/08\/L1008413-768x768.jpg 768w, https:\/\/stefanaumann.com\/wp-content\/uploads\/2022\/08\/L1008413-1536x1536.jpg 1536w, https:\/\/stefanaumann.com\/wp-content\/uploads\/2022\/08\/L1008413-2048x2048.jpg 2048w, https:\/\/stefanaumann.com\/wp-content\/uploads\/2022\/08\/L1008413-684x684.jpg 684w\" sizes=\"auto, (max-width: 845px) 100vw, 845px\" \/><\/div><a class=\"wp-block-latest-posts__post-title\" href=\"https:\/\/stefanaumann.com\/?p=10375\">Aufbau Stoppelmarkt<\/a><div class=\"entry-meta\"><time datetime=\"2022-08-08T12:40:38+01:00\" class=\"wp-block-latest-posts__post-date\">8. August 2022<\/time><\/div><div class=\"wp-block-latest-posts__post-excerpt\"><div class=\"link-more-container\"><a href=\"https:\/\/stefanaumann.com\/?p=10375\" class=\"link-more\" aria-label=\"Continue reading Aufbau Stoppelmarkt\">Continue reading&hellip;<\/a><\/div><\/div><\/li>\n<li><div class=\"wp-block-latest-posts__featured-image\"><img loading=\"lazy\" decoding=\"async\" width=\"845\" height=\"845\" src=\"https:\/\/stefanaumann.com\/wp-content\/uploads\/2022\/02\/L1003010-845x845.jpg\" class=\"attachment-large size-large wp-post-image\" alt=\"\" style=\"\" srcset=\"https:\/\/stefanaumann.com\/wp-content\/uploads\/2022\/02\/L1003010-845x845.jpg 845w, https:\/\/stefanaumann.com\/wp-content\/uploads\/2022\/02\/L1003010-300x300.jpg 300w, https:\/\/stefanaumann.com\/wp-content\/uploads\/2022\/02\/L1003010-145x145.jpg 145w, https:\/\/stefanaumann.com\/wp-content\/uploads\/2022\/02\/L1003010-768x768.jpg 768w, https:\/\/stefanaumann.com\/wp-content\/uploads\/2022\/02\/L1003010-1536x1536.jpg 1536w, https:\/\/stefanaumann.com\/wp-content\/uploads\/2022\/02\/L1003010-684x684.jpg 684w, https:\/\/stefanaumann.com\/wp-content\/uploads\/2022\/02\/L1003010.jpg 2000w\" sizes=\"auto, (max-width: 845px) 100vw, 845px\" \/><\/div><a class=\"wp-block-latest-posts__post-title\" href=\"https:\/\/stefanaumann.com\/?p=10342\">Street in Cloppenburg<\/a><div class=\"entry-meta\"><time datetime=\"2022-02-09T13:25:01+01:00\" class=\"wp-block-latest-posts__post-date\">9. Februar 2022<\/time><\/div><div class=\"wp-block-latest-posts__post-excerpt\"><div class=\"entry-summary\">\nEin paar Streetaufnahmen in Cloppenburg. Der Kanzler war auch da.\n<\/div><div class=\"link-more-container\"><a href=\"https:\/\/stefanaumann.com\/?p=10342\" class=\"link-more\" aria-label=\"Continue reading Street in Cloppenburg\">Continue reading&hellip;<\/a><\/div><\/div><\/li>\n<li><div class=\"wp-block-latest-posts__featured-image\"><img loading=\"lazy\" decoding=\"async\" width=\"845\" height=\"845\" src=\"https:\/\/stefanaumann.com\/wp-content\/uploads\/2022\/01\/04-1-845x845.png\" class=\"attachment-large size-large wp-post-image\" alt=\"\" style=\"\" srcset=\"https:\/\/stefanaumann.com\/wp-content\/uploads\/2022\/01\/04-1-845x845.png 845w, https:\/\/stefanaumann.com\/wp-content\/uploads\/2022\/01\/04-1-300x300.png 300w, https:\/\/stefanaumann.com\/wp-content\/uploads\/2022\/01\/04-1-145x145.png 145w, https:\/\/stefanaumann.com\/wp-content\/uploads\/2022\/01\/04-1-768x768.png 768w, https:\/\/stefanaumann.com\/wp-content\/uploads\/2022\/01\/04-1-1536x1536.png 1536w, https:\/\/stefanaumann.com\/wp-content\/uploads\/2022\/01\/04-1-2048x2048.png 2048w, https:\/\/stefanaumann.com\/wp-content\/uploads\/2022\/01\/04-1-684x684.png 684w\" sizes=\"auto, (max-width: 845px) 100vw, 845px\" \/><\/div><a class=\"wp-block-latest-posts__post-title\" href=\"https:\/\/stefanaumann.com\/?p=10318\">6 x 9<\/a><div class=\"entry-meta\"><time datetime=\"2022-01-06T08:14:03+01:00\" class=\"wp-block-latest-posts__post-date\">6. Januar 2022<\/time><\/div><div class=\"wp-block-latest-posts__post-excerpt\"><div class=\"entry-summary\">\nZwei Entfernungseinstellungen stehen parat (\u201enah\u201c und \u201efern\u201c) und ganze vier Belichtungszeiten (1\/125, 1\/50, 1\/100, B).\n<\/div><div class=\"link-more-container\"><a href=\"https:\/\/stefanaumann.com\/?p=10318\" class=\"link-more\" aria-label=\"Continue reading 6 x 9\">Continue reading&hellip;<\/a><\/div><\/div><\/li>\n<li><div class=\"wp-block-latest-posts__featured-image\"><img loading=\"lazy\" decoding=\"async\" width=\"845\" height=\"845\" src=\"https:\/\/stefanaumann.com\/wp-content\/uploads\/2021\/12\/04-2-845x845.jpg\" class=\"attachment-large size-large wp-post-image\" alt=\"\" style=\"\" srcset=\"https:\/\/stefanaumann.com\/wp-content\/uploads\/2021\/12\/04-2-845x845.jpg 845w, https:\/\/stefanaumann.com\/wp-content\/uploads\/2021\/12\/04-2-300x300.jpg 300w, https:\/\/stefanaumann.com\/wp-content\/uploads\/2021\/12\/04-2-145x145.jpg 145w, https:\/\/stefanaumann.com\/wp-content\/uploads\/2021\/12\/04-2-768x768.jpg 768w, https:\/\/stefanaumann.com\/wp-content\/uploads\/2021\/12\/04-2-684x684.jpg 684w, https:\/\/stefanaumann.com\/wp-content\/uploads\/2021\/12\/04-2.jpg 1500w\" sizes=\"auto, (max-width: 845px) 100vw, 845px\" \/><\/div><a class=\"wp-block-latest-posts__post-title\" href=\"https:\/\/stefanaumann.com\/?p=10302\">Australien analog<\/a><div class=\"entry-meta\"><time datetime=\"2021-12-01T10:44:02+01:00\" class=\"wp-block-latest-posts__post-date\">1. Dezember 2021<\/time><\/div><div class=\"wp-block-latest-posts__post-excerpt\"><div class=\"entry-summary\">\nRoadtrip durch Australien. Surfen in Byron Bay, Campertour entlang der Great Ocean Road, North Stradbroke Island, Melbourne, Canberra, Sydney und Brisbane.\n<\/div><div class=\"link-more-container\"><a href=\"https:\/\/stefanaumann.com\/?p=10302\" class=\"link-more\" aria-label=\"Continue reading Australien analog\">Continue reading&hellip;<\/a><\/div><\/div><\/li>\n<li><div class=\"wp-block-latest-posts__featured-image\"><img loading=\"lazy\" decoding=\"async\" width=\"845\" height=\"845\" src=\"https:\/\/stefanaumann.com\/wp-content\/uploads\/2021\/11\/Scan3-845x845.jpg\" class=\"attachment-large size-large wp-post-image\" alt=\"\" style=\"\" srcset=\"https:\/\/stefanaumann.com\/wp-content\/uploads\/2021\/11\/Scan3-845x845.jpg 845w, https:\/\/stefanaumann.com\/wp-content\/uploads\/2021\/11\/Scan3-300x300.jpg 300w, https:\/\/stefanaumann.com\/wp-content\/uploads\/2021\/11\/Scan3-145x145.jpg 145w, https:\/\/stefanaumann.com\/wp-content\/uploads\/2021\/11\/Scan3-768x768.jpg 768w, https:\/\/stefanaumann.com\/wp-content\/uploads\/2021\/11\/Scan3-1536x1536.jpg 1536w, https:\/\/stefanaumann.com\/wp-content\/uploads\/2021\/11\/Scan3-684x684.jpg 684w, https:\/\/stefanaumann.com\/wp-content\/uploads\/2021\/11\/Scan3.jpg 2000w\" sizes=\"auto, (max-width: 845px) 100vw, 845px\" \/><\/div><a class=\"wp-block-latest-posts__post-title\" href=\"https:\/\/stefanaumann.com\/?p=10283\">Bahnhofsviertel Vechta revisited<\/a><div class=\"entry-meta\"><time datetime=\"2021-11-11T14:46:20+01:00\" class=\"wp-block-latest-posts__post-date\">11. November 2021<\/time><\/div><div class=\"wp-block-latest-posts__post-excerpt\"><div class=\"entry-summary\">\nGolden-Gels-Br\u00fccke, Metropol-Theater, Stadth\u00e4user, ibis Styles Hotel\n<\/div><div class=\"link-more-container\"><a href=\"https:\/\/stefanaumann.com\/?p=10283\" class=\"link-more\" aria-label=\"Continue reading Bahnhofsviertel Vechta revisited\">Continue reading&hellip;<\/a><\/div><\/div><\/li>\n<li><div class=\"wp-block-latest-posts__featured-image\"><img loading=\"lazy\" decoding=\"async\" width=\"845\" height=\"526\" src=\"https:\/\/stefanaumann.com\/wp-content\/uploads\/2021\/09\/L1000764-845x526.jpg\" class=\"attachment-large size-large wp-post-image\" alt=\"\" style=\"\" srcset=\"https:\/\/stefanaumann.com\/wp-content\/uploads\/2021\/09\/L1000764-845x526.jpg 845w, https:\/\/stefanaumann.com\/wp-content\/uploads\/2021\/09\/L1000764-300x187.jpg 300w, https:\/\/stefanaumann.com\/wp-content\/uploads\/2021\/09\/L1000764-768x478.jpg 768w, https:\/\/stefanaumann.com\/wp-content\/uploads\/2021\/09\/L1000764.jpg 1500w\" sizes=\"auto, (max-width: 845px) 100vw, 845px\" \/><\/div><a class=\"wp-block-latest-posts__post-title\" href=\"https:\/\/stefanaumann.com\/?p=237\">Zitate<\/a><div class=\"entry-meta\"><time datetime=\"2021-09-14T10:00:00+01:00\" class=\"wp-block-latest-posts__post-date\">14. September 2021<\/time><\/div><div class=\"wp-block-latest-posts__post-excerpt\"><div class=\"entry-summary\">\nDoppelbelichtungen auf analogem Filmmaterial. Bild-Text-Kombination aus einem Zitat und der Bildebene. Dadurch, dass der Film zweifach durch die Kamera gezogen wird, entstehen interessante Kompositionen.\n<\/div><div class=\"link-more-container\"><a href=\"https:\/\/stefanaumann.com\/?p=237\" class=\"link-more\" aria-label=\"Continue reading Zitate\">Continue reading&hellip;<\/a><\/div><\/div><\/li>\n<li><div class=\"wp-block-latest-posts__featured-image\"><img loading=\"lazy\" decoding=\"async\" width=\"845\" height=\"845\" src=\"https:\/\/stefanaumann.com\/wp-content\/uploads\/2021\/09\/11-2-1-845x845.jpg\" class=\"attachment-large size-large wp-post-image\" alt=\"\" style=\"\" srcset=\"https:\/\/stefanaumann.com\/wp-content\/uploads\/2021\/09\/11-2-1-845x845.jpg 845w, https:\/\/stefanaumann.com\/wp-content\/uploads\/2021\/09\/11-2-1-300x300.jpg 300w, https:\/\/stefanaumann.com\/wp-content\/uploads\/2021\/09\/11-2-1-145x145.jpg 145w, https:\/\/stefanaumann.com\/wp-content\/uploads\/2021\/09\/11-2-1-768x768.jpg 768w, https:\/\/stefanaumann.com\/wp-content\/uploads\/2021\/09\/11-2-1-1536x1536.jpg 1536w, https:\/\/stefanaumann.com\/wp-content\/uploads\/2021\/09\/11-2-1-684x684.jpg 684w, https:\/\/stefanaumann.com\/wp-content\/uploads\/2021\/09\/11-2-1.jpg 2000w\" sizes=\"auto, (max-width: 845px) 100vw, 845px\" \/><\/div><a class=\"wp-block-latest-posts__post-title\" href=\"https:\/\/stefanaumann.com\/?p=10185\">Bahnhofsviertel Vechta<\/a><div class=\"entry-meta\"><time datetime=\"2021-09-09T11:55:25+01:00\" class=\"wp-block-latest-posts__post-date\">9. September 2021<\/time><\/div><div class=\"wp-block-latest-posts__post-excerpt\"><div class=\"entry-summary\">\nVechtas neu gestalteter Stadtteil: mit ZOB, Bahnhof, Golden-Gels-Br\u00fccke und Mobilit\u00e4tsstation.\n<\/div><div class=\"link-more-container\"><a href=\"https:\/\/stefanaumann.com\/?p=10185\" class=\"link-more\" aria-label=\"Continue reading Bahnhofsviertel Vechta\">Continue reading&hellip;<\/a><\/div><\/div><\/li>\n<li><div class=\"wp-block-latest-posts__featured-image\"><img loading=\"lazy\" decoding=\"async\" width=\"845\" height=\"559\" src=\"https:\/\/stefanaumann.com\/wp-content\/uploads\/2021\/08\/L1000372-845x559.jpg\" class=\"attachment-large size-large wp-post-image\" alt=\"\" style=\"\" srcset=\"https:\/\/stefanaumann.com\/wp-content\/uploads\/2021\/08\/L1000372-845x559.jpg 845w, https:\/\/stefanaumann.com\/wp-content\/uploads\/2021\/08\/L1000372-300x198.jpg 300w, https:\/\/stefanaumann.com\/wp-content\/uploads\/2021\/08\/L1000372-768x508.jpg 768w, https:\/\/stefanaumann.com\/wp-content\/uploads\/2021\/08\/L1000372.jpg 1500w\" sizes=\"auto, (max-width: 845px) 100vw, 845px\" \/><\/div><a class=\"wp-block-latest-posts__post-title\" href=\"https:\/\/stefanaumann.com\/?p=9901\">Torfabbau im Br\u00e4geler Moor<\/a><div class=\"entry-meta\"><time datetime=\"2021-08-25T07:38:44+01:00\" class=\"wp-block-latest-posts__post-date\">25. August 2021<\/time><\/div><div class=\"wp-block-latest-posts__post-excerpt\"><div class=\"entry-summary\">\nDie Lok kommt von der Firma Sch\u00f6ttler aus Diepholz. Sieht zwar nach Museumsst\u00fcck aus \u2013 ist aber nach wie vor im Einsatz.\n<\/div><div class=\"link-more-container\"><a href=\"https:\/\/stefanaumann.com\/?p=9901\" class=\"link-more\" aria-label=\"Continue reading Torfabbau im Br\u00e4geler Moor\">Continue reading&hellip;<\/a><\/div><\/div><\/li>\n<li><div class=\"wp-block-latest-posts__featured-image\"><img loading=\"lazy\" decoding=\"async\" width=\"845\" height=\"845\" src=\"https:\/\/stefanaumann.com\/wp-content\/uploads\/2021\/06\/IMG_4403-845x845.jpg\" class=\"attachment-large size-large wp-post-image\" alt=\"\" style=\"\" srcset=\"https:\/\/stefanaumann.com\/wp-content\/uploads\/2021\/06\/IMG_4403-845x845.jpg 845w, https:\/\/stefanaumann.com\/wp-content\/uploads\/2021\/06\/IMG_4403-300x300.jpg 300w, https:\/\/stefanaumann.com\/wp-content\/uploads\/2021\/06\/IMG_4403-145x145.jpg 145w, https:\/\/stefanaumann.com\/wp-content\/uploads\/2021\/06\/IMG_4403-768x768.jpg 768w, https:\/\/stefanaumann.com\/wp-content\/uploads\/2021\/06\/IMG_4403-1536x1536.jpg 1536w, https:\/\/stefanaumann.com\/wp-content\/uploads\/2021\/06\/IMG_4403.jpg 2000w\" sizes=\"auto, (max-width: 845px) 100vw, 845px\" \/><\/div><a class=\"wp-block-latest-posts__post-title\" href=\"https:\/\/stefanaumann.com\/?p=9635\">Fibonacci Cubes<\/a><div class=\"entry-meta\"><time datetime=\"2021-06-24T10:53:12+01:00\" class=\"wp-block-latest-posts__post-date\">24. Juni 2021<\/time><\/div><div class=\"wp-block-latest-posts__post-excerpt\"><div class=\"entry-summary\">\n\u201eFibonacci Cubes\u201c der K\u00fcnstlerin Petra Paffenholz auf dem Skulpturenpfad am D\u00fcmmer See. Der gr\u00f6\u00dfte W\u00fcrfel aus Cortenstahl misst 6,80 Meter.\n<\/div><div class=\"link-more-container\"><a href=\"https:\/\/stefanaumann.com\/?p=9635\" class=\"link-more\" aria-label=\"Continue reading Fibonacci Cubes\">Continue reading&hellip;<\/a><\/div><\/div><\/li>\n<li><div class=\"wp-block-latest-posts__featured-image\"><img loading=\"lazy\" decoding=\"async\" width=\"845\" height=\"845\" src=\"https:\/\/stefanaumann.com\/wp-content\/uploads\/2021\/06\/IMG_3155-845x845.jpg\" class=\"attachment-large size-large wp-post-image\" alt=\"\" style=\"\" srcset=\"https:\/\/stefanaumann.com\/wp-content\/uploads\/2021\/06\/IMG_3155-845x845.jpg 845w, https:\/\/stefanaumann.com\/wp-content\/uploads\/2021\/06\/IMG_3155-300x300.jpg 300w, https:\/\/stefanaumann.com\/wp-content\/uploads\/2021\/06\/IMG_3155-145x145.jpg 145w, https:\/\/stefanaumann.com\/wp-content\/uploads\/2021\/06\/IMG_3155-768x768.jpg 768w, https:\/\/stefanaumann.com\/wp-content\/uploads\/2021\/06\/IMG_3155-1536x1536.jpg 1536w, https:\/\/stefanaumann.com\/wp-content\/uploads\/2021\/06\/IMG_3155.jpg 2000w\" sizes=\"auto, (max-width: 845px) 100vw, 845px\" \/><\/div><a class=\"wp-block-latest-posts__post-title\" href=\"https:\/\/stefanaumann.com\/?p=9623\">Wangerooge im Sommer<\/a><div class=\"entry-meta\"><time datetime=\"2021-06-24T10:49:00+01:00\" class=\"wp-block-latest-posts__post-date\">24. Juni 2021<\/time><\/div><div class=\"wp-block-latest-posts__post-excerpt\"><div class=\"entry-summary\">\nAufgenommen im Juli 2015.\n<\/div><div class=\"link-more-container\"><a href=\"https:\/\/stefanaumann.com\/?p=9623\" class=\"link-more\" aria-label=\"Continue reading Wangerooge im Sommer\">Continue reading&hellip;<\/a><\/div><\/div><\/li>\n<li><div class=\"wp-block-latest-posts__featured-image\"><img loading=\"lazy\" decoding=\"async\" width=\"845\" height=\"845\" src=\"https:\/\/stefanaumann.com\/wp-content\/uploads\/2021\/03\/IMG_0328-845x845.jpg\" class=\"attachment-large size-large wp-post-image\" alt=\"\" style=\"\" srcset=\"https:\/\/stefanaumann.com\/wp-content\/uploads\/2021\/03\/IMG_0328-845x845.jpg 845w, https:\/\/stefanaumann.com\/wp-content\/uploads\/2021\/03\/IMG_0328-300x300.jpg 300w, https:\/\/stefanaumann.com\/wp-content\/uploads\/2021\/03\/IMG_0328-145x145.jpg 145w, https:\/\/stefanaumann.com\/wp-content\/uploads\/2021\/03\/IMG_0328-768x768.jpg 768w, https:\/\/stefanaumann.com\/wp-content\/uploads\/2021\/03\/IMG_0328-1536x1536.jpg 1536w, https:\/\/stefanaumann.com\/wp-content\/uploads\/2021\/03\/IMG_0328-2048x2048.jpg 2048w\" sizes=\"auto, (max-width: 845px) 100vw, 845px\" \/><\/div><a class=\"wp-block-latest-posts__post-title\" href=\"https:\/\/stefanaumann.com\/?p=9608\">Morgennebel<\/a><div class=\"entry-meta\"><time datetime=\"2021-03-23T13:58:39+01:00\" class=\"wp-block-latest-posts__post-date\">23. M\u00e4rz 2021<\/time><\/div><div class=\"wp-block-latest-posts__post-excerpt\"><div class=\"entry-summary\">\nHopener Wald in Lohne im morgendlichen Nebel.\n<\/div><div class=\"link-more-container\"><a href=\"https:\/\/stefanaumann.com\/?p=9608\" class=\"link-more\" aria-label=\"Continue reading Morgennebel\">Continue reading&hellip;<\/a><\/div><\/div><\/li>\n<li><div class=\"wp-block-latest-posts__featured-image\"><img loading=\"lazy\" decoding=\"async\" width=\"845\" height=\"845\" src=\"https:\/\/stefanaumann.com\/wp-content\/uploads\/2021\/03\/Insta-845x845.jpg\" class=\"attachment-large size-large wp-post-image\" alt=\"\" style=\"\" srcset=\"https:\/\/stefanaumann.com\/wp-content\/uploads\/2021\/03\/Insta-845x845.jpg 845w, https:\/\/stefanaumann.com\/wp-content\/uploads\/2021\/03\/Insta-300x300.jpg 300w, https:\/\/stefanaumann.com\/wp-content\/uploads\/2021\/03\/Insta-145x145.jpg 145w, https:\/\/stefanaumann.com\/wp-content\/uploads\/2021\/03\/Insta-768x768.jpg 768w, https:\/\/stefanaumann.com\/wp-content\/uploads\/2021\/03\/Insta-1536x1536.jpg 1536w, https:\/\/stefanaumann.com\/wp-content\/uploads\/2021\/03\/Insta.jpg 1772w\" sizes=\"auto, (max-width: 845px) 100vw, 845px\" \/><\/div><a class=\"wp-block-latest-posts__post-title\" href=\"https:\/\/stefanaumann.com\/?p=9596\">Zweifachbelichtung<\/a><div class=\"entry-meta\"><time datetime=\"2021-03-23T13:56:34+01:00\" class=\"wp-block-latest-posts__post-date\">23. M\u00e4rz 2021<\/time><\/div><div class=\"wp-block-latest-posts__post-excerpt\"><div class=\"entry-summary\">\nAnaloger Farbfilm wird zweifach durch die Kamera gezogen. Einmal habe ich ausgedruckte Zitate fotografiert, dann den Film zur\u00fcckgespult und wieder in die Kamera eingelegt. Dann wurde dieser ein weiteres Mal belichtet. So entstanden interessante Kombinationen.\n<\/div><div class=\"link-more-container\"><a href=\"https:\/\/stefanaumann.com\/?p=9596\" class=\"link-more\" aria-label=\"Continue reading Zweifachbelichtung\">Continue reading&hellip;<\/a><\/div><\/div><\/li>\n<li><div class=\"wp-block-latest-posts__featured-image\"><img loading=\"lazy\" decoding=\"async\" width=\"845\" height=\"563\" src=\"https:\/\/stefanaumann.com\/wp-content\/uploads\/2021\/02\/IMG_9926-845x563.jpg\" class=\"attachment-large size-large wp-post-image\" alt=\"\" style=\"\" srcset=\"https:\/\/stefanaumann.com\/wp-content\/uploads\/2021\/02\/IMG_9926-845x563.jpg 845w, https:\/\/stefanaumann.com\/wp-content\/uploads\/2021\/02\/IMG_9926-300x200.jpg 300w, https:\/\/stefanaumann.com\/wp-content\/uploads\/2021\/02\/IMG_9926-768x512.jpg 768w, https:\/\/stefanaumann.com\/wp-content\/uploads\/2021\/02\/IMG_9926.jpg 1500w\" sizes=\"auto, (max-width: 845px) 100vw, 845px\" \/><\/div><a class=\"wp-block-latest-posts__post-title\" href=\"https:\/\/stefanaumann.com\/?p=9582\">Sonntagmorgen am D\u00fcmmer<\/a><div class=\"entry-meta\"><time datetime=\"2021-02-14T16:00:00+01:00\" class=\"wp-block-latest-posts__post-date\">14. Februar 2021<\/time><\/div><div class=\"wp-block-latest-posts__post-excerpt\"><div class=\"entry-summary\">\nDen fr\u00fchen Sonntagmorgen f\u00fcr einige Fotos im Olgahafen am D\u00fcmmer See in D\u00fcmmrelohausen genutzt.\n<\/div><div class=\"link-more-container\"><a href=\"https:\/\/stefanaumann.com\/?p=9582\" class=\"link-more\" aria-label=\"Continue reading Sonntagmorgen am D\u00fcmmer\">Continue reading&hellip;<\/a><\/div><\/div><\/li>\n<li><div class=\"wp-block-latest-posts__featured-image\"><img loading=\"lazy\" decoding=\"async\" width=\"845\" height=\"845\" src=\"https:\/\/stefanaumann.com\/wp-content\/uploads\/2021\/02\/pp00-845x845.jpg\" class=\"attachment-large size-large wp-post-image\" alt=\"\" style=\"\" srcset=\"https:\/\/stefanaumann.com\/wp-content\/uploads\/2021\/02\/pp00-845x845.jpg 845w, https:\/\/stefanaumann.com\/wp-content\/uploads\/2021\/02\/pp00-300x300.jpg 300w, https:\/\/stefanaumann.com\/wp-content\/uploads\/2021\/02\/pp00-145x145.jpg 145w, https:\/\/stefanaumann.com\/wp-content\/uploads\/2021\/02\/pp00-768x768.jpg 768w, https:\/\/stefanaumann.com\/wp-content\/uploads\/2021\/02\/pp00.jpg 1500w\" sizes=\"auto, (max-width: 845px) 100vw, 845px\" \/><\/div><a class=\"wp-block-latest-posts__post-title\" href=\"https:\/\/stefanaumann.com\/?p=9566\">Winter am D\u00fcmmer See<\/a><div class=\"entry-meta\"><time datetime=\"2021-02-09T14:06:37+01:00\" class=\"wp-block-latest-posts__post-date\">9. Februar 2021<\/time><\/div><div class=\"wp-block-latest-posts__post-excerpt\"><div class=\"entry-summary\">\nWinter am D\u00fcmmer See am Olgahafen in D\u00fcmmerlohausen (Fotos as dem Januar 2013).\n<\/div><div class=\"link-more-container\"><a href=\"https:\/\/stefanaumann.com\/?p=9566\" class=\"link-more\" aria-label=\"Continue reading Winter am D\u00fcmmer See\">Continue reading&hellip;<\/a><\/div><\/div><\/li>\n<li><div class=\"wp-block-latest-posts__featured-image\"><img loading=\"lazy\" decoding=\"async\" width=\"845\" height=\"845\" src=\"https:\/\/stefanaumann.com\/wp-content\/uploads\/2021\/02\/02-845x845.jpg\" class=\"attachment-large size-large wp-post-image\" alt=\"\" style=\"\" srcset=\"https:\/\/stefanaumann.com\/wp-content\/uploads\/2021\/02\/02-845x845.jpg 845w, https:\/\/stefanaumann.com\/wp-content\/uploads\/2021\/02\/02-300x300.jpg 300w, https:\/\/stefanaumann.com\/wp-content\/uploads\/2021\/02\/02-145x145.jpg 145w, https:\/\/stefanaumann.com\/wp-content\/uploads\/2021\/02\/02-768x768.jpg 768w, https:\/\/stefanaumann.com\/wp-content\/uploads\/2021\/02\/02-1536x1536.jpg 1536w, https:\/\/stefanaumann.com\/wp-content\/uploads\/2021\/02\/02.jpg 2000w\" sizes=\"auto, (max-width: 845px) 100vw, 845px\" \/><\/div><a class=\"wp-block-latest-posts__post-title\" href=\"https:\/\/stefanaumann.com\/?p=9524\">Teststrecke mit der Holga<\/a><div class=\"entry-meta\"><time datetime=\"2021-02-05T12:20:00+01:00\" class=\"wp-block-latest-posts__post-date\">5. Februar 2021<\/time><\/div><div class=\"wp-block-latest-posts__post-excerpt\"><div class=\"entry-summary\">\nAustesten der Kabelausl\u00f6serhalterung aus dem 3D-Drucker mit der Holga. \n\n<\/div><div class=\"link-more-container\"><a href=\"https:\/\/stefanaumann.com\/?p=9524\" class=\"link-more\" aria-label=\"Continue reading Teststrecke mit der Holga\">Continue reading&hellip;<\/a><\/div><\/div><\/li>\n<li><div class=\"wp-block-latest-posts__featured-image\"><img loading=\"lazy\" decoding=\"async\" width=\"845\" height=\"845\" src=\"https:\/\/stefanaumann.com\/wp-content\/uploads\/2021\/01\/2015-10-20-0003-Film1-2-845x845.jpg\" class=\"attachment-large size-large wp-post-image\" alt=\"\" style=\"\" srcset=\"https:\/\/stefanaumann.com\/wp-content\/uploads\/2021\/01\/2015-10-20-0003-Film1-2-845x845.jpg 845w, https:\/\/stefanaumann.com\/wp-content\/uploads\/2021\/01\/2015-10-20-0003-Film1-2-300x300.jpg 300w, https:\/\/stefanaumann.com\/wp-content\/uploads\/2021\/01\/2015-10-20-0003-Film1-2-145x145.jpg 145w, https:\/\/stefanaumann.com\/wp-content\/uploads\/2021\/01\/2015-10-20-0003-Film1-2-768x768.jpg 768w, https:\/\/stefanaumann.com\/wp-content\/uploads\/2021\/01\/2015-10-20-0003-Film1-2-1200x1200.jpg 1200w, https:\/\/stefanaumann.com\/wp-content\/uploads\/2021\/01\/2015-10-20-0003-Film1-2-150x150.jpg 150w, https:\/\/stefanaumann.com\/wp-content\/uploads\/2021\/01\/2015-10-20-0003-Film1-2.jpg 1500w\" sizes=\"auto, (max-width: 845px) 100vw, 845px\" \/><\/div><a class=\"wp-block-latest-posts__post-title\" href=\"https:\/\/stefanaumann.com\/?p=9499\">Unterwegs in Nizza<\/a><div class=\"entry-meta\"><time datetime=\"2021-01-27T10:36:15+01:00\" class=\"wp-block-latest-posts__post-date\">27. Januar 2021<\/time><\/div><div class=\"wp-block-latest-posts__post-excerpt\"><div class=\"link-more-container\"><a href=\"https:\/\/stefanaumann.com\/?p=9499\" class=\"link-more\" aria-label=\"Continue reading Unterwegs in Nizza\">Continue reading&hellip;<\/a><\/div><\/div><\/li>\n<li><div class=\"wp-block-latest-posts__featured-image\"><img loading=\"lazy\" decoding=\"async\" width=\"845\" height=\"845\" src=\"https:\/\/stefanaumann.com\/wp-content\/uploads\/2021\/01\/SILBERSALZ35_002_200_Bild_09-845x845.jpg\" class=\"attachment-large size-large wp-post-image\" alt=\"\" style=\"\" srcset=\"https:\/\/stefanaumann.com\/wp-content\/uploads\/2021\/01\/SILBERSALZ35_002_200_Bild_09-845x845.jpg 845w, https:\/\/stefanaumann.com\/wp-content\/uploads\/2021\/01\/SILBERSALZ35_002_200_Bild_09-300x300.jpg 300w, https:\/\/stefanaumann.com\/wp-content\/uploads\/2021\/01\/SILBERSALZ35_002_200_Bild_09-145x145.jpg 145w, https:\/\/stefanaumann.com\/wp-content\/uploads\/2021\/01\/SILBERSALZ35_002_200_Bild_09-768x768.jpg 768w, https:\/\/stefanaumann.com\/wp-content\/uploads\/2021\/01\/SILBERSALZ35_002_200_Bild_09-150x150.jpg 150w, https:\/\/stefanaumann.com\/wp-content\/uploads\/2021\/01\/SILBERSALZ35_002_200_Bild_09.jpg 1200w\" sizes=\"auto, (max-width: 845px) 100vw, 845px\" \/><\/div><a class=\"wp-block-latest-posts__post-title\" href=\"https:\/\/stefanaumann.com\/?p=9481\">Streifzug Hopener Wald<\/a><div class=\"entry-meta\"><time datetime=\"2021-01-03T11:00:00+01:00\" class=\"wp-block-latest-posts__post-date\">3. Januar 2021<\/time><\/div><div class=\"wp-block-latest-posts__post-excerpt\"><div class=\"entry-summary\">\nStreifzug durch den Hopener Wald in Lohne. Analog fotografiert auf Kodak Kinofilm von Silbersalz35. Die Highenbdscans sind ebenfalls von Silbersalz35 gemacht worden. \n<\/div><div class=\"link-more-container\"><a href=\"https:\/\/stefanaumann.com\/?p=9481\" class=\"link-more\" aria-label=\"Continue reading Streifzug Hopener Wald\">Continue reading&hellip;<\/a><\/div><\/div><\/li>\n<li><div class=\"wp-block-latest-posts__featured-image\"><img loading=\"lazy\" decoding=\"async\" width=\"845\" height=\"845\" src=\"https:\/\/stefanaumann.com\/wp-content\/uploads\/2021\/01\/damme-erz-03-845x845.jpg\" class=\"attachment-large size-large wp-post-image\" alt=\"\" style=\"\" srcset=\"https:\/\/stefanaumann.com\/wp-content\/uploads\/2021\/01\/damme-erz-03-845x845.jpg 845w, https:\/\/stefanaumann.com\/wp-content\/uploads\/2021\/01\/damme-erz-03-300x300.jpg 300w, https:\/\/stefanaumann.com\/wp-content\/uploads\/2021\/01\/damme-erz-03-145x145.jpg 145w, https:\/\/stefanaumann.com\/wp-content\/uploads\/2021\/01\/damme-erz-03-768x768.jpg 768w, https:\/\/stefanaumann.com\/wp-content\/uploads\/2021\/01\/damme-erz-03-150x150.jpg 150w, https:\/\/stefanaumann.com\/wp-content\/uploads\/2021\/01\/damme-erz-03.jpg 1200w\" sizes=\"auto, (max-width: 845px) 100vw, 845px\" \/><\/div><a class=\"wp-block-latest-posts__post-title\" href=\"https:\/\/stefanaumann.com\/?p=9487\">Erzabbau in Damme<\/a><div class=\"entry-meta\"><time datetime=\"2020-12-27T15:00:00+01:00\" class=\"wp-block-latest-posts__post-date\">27. Dezember 2020<\/time><\/div><div class=\"wp-block-latest-posts__post-excerpt\"><div class=\"entry-summary\">\n\u00dcberreste des Erzabbaus in den Dammer Bergen in der N\u00e4he des Bergsees (\u201eKl\u00e4rteich\u201c). \n<\/div><div class=\"link-more-container\"><a href=\"https:\/\/stefanaumann.com\/?p=9487\" class=\"link-more\" aria-label=\"Continue reading Erzabbau in Damme\">Continue reading&hellip;<\/a><\/div><\/div><\/li>\n<li><div class=\"wp-block-latest-posts__featured-image\"><img loading=\"lazy\" decoding=\"async\" width=\"845\" height=\"845\" src=\"https:\/\/stefanaumann.com\/wp-content\/uploads\/2020\/12\/L1018673-845x845.jpg\" class=\"attachment-large size-large wp-post-image\" alt=\"\" style=\"\" srcset=\"https:\/\/stefanaumann.com\/wp-content\/uploads\/2020\/12\/L1018673-845x845.jpg 845w, https:\/\/stefanaumann.com\/wp-content\/uploads\/2020\/12\/L1018673-300x300.jpg 300w, https:\/\/stefanaumann.com\/wp-content\/uploads\/2020\/12\/L1018673-145x145.jpg 145w, https:\/\/stefanaumann.com\/wp-content\/uploads\/2020\/12\/L1018673-768x768.jpg 768w, https:\/\/stefanaumann.com\/wp-content\/uploads\/2020\/12\/L1018673-400x400.jpg 400w, https:\/\/stefanaumann.com\/wp-content\/uploads\/2020\/12\/L1018673-800x800.jpg 800w, https:\/\/stefanaumann.com\/wp-content\/uploads\/2020\/12\/L1018673.jpg 1200w\" sizes=\"auto, (max-width: 845px) 100vw, 845px\" \/><\/div><a class=\"wp-block-latest-posts__post-title\" href=\"https:\/\/stefanaumann.com\/?p=9433\">Weihnachtsspaziergang in Hopen<\/a><div class=\"entry-meta\"><time datetime=\"2020-12-26T14:07:33+01:00\" class=\"wp-block-latest-posts__post-date\">26. Dezember 2020<\/time><\/div><div class=\"wp-block-latest-posts__post-excerpt\"><div class=\"entry-summary\">\nWeihnachtsspaziergang im Hopener Wald in Lohne. Irgendwie passt schwarz-wei\u00df gerade am besten zur Coronaweihnacht.\n<\/div><div class=\"link-more-container\"><a href=\"https:\/\/stefanaumann.com\/?p=9433\" class=\"link-more\" aria-label=\"Continue reading Weihnachtsspaziergang in Hopen\">Continue reading&hellip;<\/a><\/div><\/div><\/li>\n<li><div class=\"wp-block-latest-posts__featured-image\"><img loading=\"lazy\" decoding=\"async\" width=\"845\" height=\"845\" src=\"https:\/\/stefanaumann.com\/wp-content\/uploads\/2020\/12\/IMG_9868-845x845.jpg\" class=\"attachment-large size-large wp-post-image\" alt=\"\" style=\"\" srcset=\"https:\/\/stefanaumann.com\/wp-content\/uploads\/2020\/12\/IMG_9868-845x845.jpg 845w, https:\/\/stefanaumann.com\/wp-content\/uploads\/2020\/12\/IMG_9868-300x300.jpg 300w, https:\/\/stefanaumann.com\/wp-content\/uploads\/2020\/12\/IMG_9868-145x145.jpg 145w, https:\/\/stefanaumann.com\/wp-content\/uploads\/2020\/12\/IMG_9868-768x768.jpg 768w, https:\/\/stefanaumann.com\/wp-content\/uploads\/2020\/12\/IMG_9868-1536x1536.jpg 1536w, https:\/\/stefanaumann.com\/wp-content\/uploads\/2020\/12\/IMG_9868-2048x2048.jpg 2048w, https:\/\/stefanaumann.com\/wp-content\/uploads\/2020\/12\/IMG_9868-1870x1870.jpg 1870w, https:\/\/stefanaumann.com\/wp-content\/uploads\/2020\/12\/IMG_9868-400x400.jpg 400w, https:\/\/stefanaumann.com\/wp-content\/uploads\/2020\/12\/IMG_9868-800x800.jpg 800w\" sizes=\"auto, (max-width: 845px) 100vw, 845px\" \/><\/div><a class=\"wp-block-latest-posts__post-title\" href=\"https:\/\/stefanaumann.com\/?p=9424\">Hamburg Waltershof<\/a><div class=\"entry-meta\"><time datetime=\"2020-12-16T20:39:58+01:00\" class=\"wp-block-latest-posts__post-date\">16. Dezember 2020<\/time><\/div><div class=\"wp-block-latest-posts__post-excerpt\"><div class=\"entry-summary\">\nEUROGATE Container Terminal von der Zellmannstra\u00dfe aus gesehen. Dabei nat\u00fcrlich die K\u00f6hlbrandbr\u00fccke und das sogenannte Massengutschiff \u201ePuffin\u201c.\n<\/div><div class=\"link-more-container\"><a href=\"https:\/\/stefanaumann.com\/?p=9424\" class=\"link-more\" aria-label=\"Continue reading Hamburg Waltershof\">Continue reading&hellip;<\/a><\/div><\/div><\/li>\n<li><div class=\"wp-block-latest-posts__featured-image\"><img loading=\"lazy\" decoding=\"async\" width=\"845\" height=\"845\" src=\"https:\/\/stefanaumann.com\/wp-content\/uploads\/2020\/12\/IMG_7834-845x845.jpg\" class=\"attachment-large size-large wp-post-image\" alt=\"\" style=\"\" srcset=\"https:\/\/stefanaumann.com\/wp-content\/uploads\/2020\/12\/IMG_7834-845x845.jpg 845w, https:\/\/stefanaumann.com\/wp-content\/uploads\/2020\/12\/IMG_7834-300x300.jpg 300w, https:\/\/stefanaumann.com\/wp-content\/uploads\/2020\/12\/IMG_7834-145x145.jpg 145w, https:\/\/stefanaumann.com\/wp-content\/uploads\/2020\/12\/IMG_7834-768x768.jpg 768w, https:\/\/stefanaumann.com\/wp-content\/uploads\/2020\/12\/IMG_7834-1536x1536.jpg 1536w, https:\/\/stefanaumann.com\/wp-content\/uploads\/2020\/12\/IMG_7834-2048x2048.jpg 2048w, https:\/\/stefanaumann.com\/wp-content\/uploads\/2020\/12\/IMG_7834-1870x1870.jpg 1870w, https:\/\/stefanaumann.com\/wp-content\/uploads\/2020\/12\/IMG_7834-400x400.jpg 400w, https:\/\/stefanaumann.com\/wp-content\/uploads\/2020\/12\/IMG_7834-800x800.jpg 800w\" sizes=\"auto, (max-width: 845px) 100vw, 845px\" \/><\/div><a class=\"wp-block-latest-posts__post-title\" href=\"https:\/\/stefanaumann.com\/?p=9418\">Hamburger Hafen<\/a><div class=\"entry-meta\"><time datetime=\"2020-12-16T20:36:28+01:00\" class=\"wp-block-latest-posts__post-date\">16. Dezember 2020<\/time><\/div><div class=\"wp-block-latest-posts__post-excerpt\"><div class=\"entry-summary\">\nDas Dock 11 von Blohm &#038; Voss im Hamburger Hafen, Canon 6D, Stativ\n<\/div><div class=\"link-more-container\"><a href=\"https:\/\/stefanaumann.com\/?p=9418\" class=\"link-more\" aria-label=\"Continue reading Hamburger Hafen\">Continue reading&hellip;<\/a><\/div><\/div><\/li>\n<li><div class=\"wp-block-latest-posts__featured-image\"><img loading=\"lazy\" decoding=\"async\" width=\"845\" height=\"845\" src=\"https:\/\/stefanaumann.com\/wp-content\/uploads\/2020\/12\/26-845x845.jpg\" class=\"attachment-large size-large wp-post-image\" alt=\"\" style=\"\" srcset=\"https:\/\/stefanaumann.com\/wp-content\/uploads\/2020\/12\/26-845x845.jpg 845w, https:\/\/stefanaumann.com\/wp-content\/uploads\/2020\/12\/26-300x300.jpg 300w, https:\/\/stefanaumann.com\/wp-content\/uploads\/2020\/12\/26-145x145.jpg 145w, https:\/\/stefanaumann.com\/wp-content\/uploads\/2020\/12\/26-768x768.jpg 768w, https:\/\/stefanaumann.com\/wp-content\/uploads\/2020\/12\/26-1536x1536.jpg 1536w, https:\/\/stefanaumann.com\/wp-content\/uploads\/2020\/12\/26-2048x2048.jpg 2048w, https:\/\/stefanaumann.com\/wp-content\/uploads\/2020\/12\/26-1870x1870.jpg 1870w, https:\/\/stefanaumann.com\/wp-content\/uploads\/2020\/12\/26-400x400.jpg 400w, https:\/\/stefanaumann.com\/wp-content\/uploads\/2020\/12\/26-800x800.jpg 800w\" sizes=\"auto, (max-width: 845px) 100vw, 845px\" \/><\/div><a class=\"wp-block-latest-posts__post-title\" href=\"https:\/\/stefanaumann.com\/?p=9408\">Hamburger Elbphilharmonie<\/a><div class=\"entry-meta\"><time datetime=\"2020-12-16T20:31:17+01:00\" class=\"wp-block-latest-posts__post-date\">16. Dezember 2020<\/time><\/div><div class=\"wp-block-latest-posts__post-excerpt\"><div class=\"entry-summary\">\nDie Elbphilharmonie im Dezember 2015 \u2013 knappe zwei Jahre vor der Er\u00f6ffnung. \n<\/div><div class=\"link-more-container\"><a href=\"https:\/\/stefanaumann.com\/?p=9408\" class=\"link-more\" aria-label=\"Continue reading Hamburger Elbphilharmonie\">Continue reading&hellip;<\/a><\/div><\/div><\/li>\n<li><div class=\"wp-block-latest-posts__featured-image\"><img loading=\"lazy\" decoding=\"async\" width=\"845\" height=\"845\" src=\"https:\/\/stefanaumann.com\/wp-content\/uploads\/2020\/11\/w02-845x845.jpg\" class=\"attachment-large size-large wp-post-image\" alt=\"\" style=\"\" srcset=\"https:\/\/stefanaumann.com\/wp-content\/uploads\/2020\/11\/w02-845x845.jpg 845w, https:\/\/stefanaumann.com\/wp-content\/uploads\/2020\/11\/w02-300x300.jpg 300w, https:\/\/stefanaumann.com\/wp-content\/uploads\/2020\/11\/w02-145x145.jpg 145w, https:\/\/stefanaumann.com\/wp-content\/uploads\/2020\/11\/w02-768x768.jpg 768w, https:\/\/stefanaumann.com\/wp-content\/uploads\/2020\/11\/w02-400x400.jpg 400w, https:\/\/stefanaumann.com\/wp-content\/uploads\/2020\/11\/w02-800x800.jpg 800w, https:\/\/stefanaumann.com\/wp-content\/uploads\/2020\/11\/w02.jpg 1455w\" sizes=\"auto, (max-width: 845px) 100vw, 845px\" \/><\/div><a class=\"wp-block-latest-posts__post-title\" href=\"https:\/\/stefanaumann.com\/?p=9381\">Wurster Nordseek\u00fcste<\/a><div class=\"entry-meta\"><time datetime=\"2020-11-18T09:37:23+01:00\" class=\"wp-block-latest-posts__post-date\">18. November 2020<\/time><\/div><div class=\"wp-block-latest-posts__post-excerpt\"><div class=\"entry-summary\">\nAdox Golf 63, Adoxar 70 mm, Kodak Portra 400 (+2 Blenden), Handbelichtungsmesser Sekonic L-308S\n<\/div><div class=\"link-more-container\"><a href=\"https:\/\/stefanaumann.com\/?p=9381\" class=\"link-more\" aria-label=\"Continue reading Wurster Nordseek\u00fcste\">Continue reading&hellip;<\/a><\/div><\/div><\/li>\n<li><div class=\"wp-block-latest-posts__featured-image\"><img loading=\"lazy\" decoding=\"async\" width=\"845\" height=\"563\" src=\"https:\/\/stefanaumann.com\/wp-content\/uploads\/2020\/11\/01-2-845x563.jpg\" class=\"attachment-large size-large wp-post-image\" alt=\"\" style=\"\" srcset=\"https:\/\/stefanaumann.com\/wp-content\/uploads\/2020\/11\/01-2-845x563.jpg 845w, https:\/\/stefanaumann.com\/wp-content\/uploads\/2020\/11\/01-2-300x200.jpg 300w, https:\/\/stefanaumann.com\/wp-content\/uploads\/2020\/11\/01-2-768x512.jpg 768w, https:\/\/stefanaumann.com\/wp-content\/uploads\/2020\/11\/01-2-1536x1024.jpg 1536w, https:\/\/stefanaumann.com\/wp-content\/uploads\/2020\/11\/01-2-2048x1365.jpg 2048w, https:\/\/stefanaumann.com\/wp-content\/uploads\/2020\/11\/01-2-1870x1247.jpg 1870w, https:\/\/stefanaumann.com\/wp-content\/uploads\/2020\/11\/01-2-400x267.jpg 400w, https:\/\/stefanaumann.com\/wp-content\/uploads\/2020\/11\/01-2-800x533.jpg 800w\" sizes=\"auto, (max-width: 845px) 100vw, 845px\" \/><\/div><a class=\"wp-block-latest-posts__post-title\" href=\"https:\/\/stefanaumann.com\/?p=9361\">Hopener Wald Lohne<\/a><div class=\"entry-meta\"><time datetime=\"2020-11-18T09:33:43+01:00\" class=\"wp-block-latest-posts__post-date\">18. November 2020<\/time><\/div><div class=\"wp-block-latest-posts__post-excerpt\"><div class=\"entry-summary\">\nNovember 2020, Leica R5 mit Vario-Elmar 35 \u2013 70 mm und Leica M3 mit Summicron 50 mm, Fomapan 200, Adox APH09, 1+25, 5 Min\n<\/div><div class=\"link-more-container\"><a href=\"https:\/\/stefanaumann.com\/?p=9361\" class=\"link-more\" aria-label=\"Continue reading Hopener Wald Lohne\">Continue reading&hellip;<\/a><\/div><\/div><\/li>\n<li><div class=\"wp-block-latest-posts__featured-image\"><img loading=\"lazy\" decoding=\"async\" width=\"845\" height=\"1268\" src=\"https:\/\/stefanaumann.com\/wp-content\/uploads\/2020\/11\/IMG_7806-845x1268.jpg\" class=\"attachment-large size-large wp-post-image\" alt=\"\" style=\"\" srcset=\"https:\/\/stefanaumann.com\/wp-content\/uploads\/2020\/11\/IMG_7806-845x1268.jpg 845w, https:\/\/stefanaumann.com\/wp-content\/uploads\/2020\/11\/IMG_7806-200x300.jpg 200w, https:\/\/stefanaumann.com\/wp-content\/uploads\/2020\/11\/IMG_7806-768x1152.jpg 768w, https:\/\/stefanaumann.com\/wp-content\/uploads\/2020\/11\/IMG_7806-1024x1536.jpg 1024w, https:\/\/stefanaumann.com\/wp-content\/uploads\/2020\/11\/IMG_7806-1365x2048.jpg 1365w, https:\/\/stefanaumann.com\/wp-content\/uploads\/2020\/11\/IMG_7806-1870x2805.jpg 1870w, https:\/\/stefanaumann.com\/wp-content\/uploads\/2020\/11\/IMG_7806-400x600.jpg 400w, https:\/\/stefanaumann.com\/wp-content\/uploads\/2020\/11\/IMG_7806-800x1200.jpg 800w, https:\/\/stefanaumann.com\/wp-content\/uploads\/2020\/11\/IMG_7806-scaled.jpg 1707w\" sizes=\"auto, (max-width: 845px) 100vw, 845px\" \/><\/div><a class=\"wp-block-latest-posts__post-title\" href=\"https:\/\/stefanaumann.com\/?p=9348\">North Stradbroke Island, AUS<\/a><div class=\"entry-meta\"><time datetime=\"2020-11-18T09:29:49+01:00\" class=\"wp-block-latest-posts__post-date\">18. November 2020<\/time><\/div><div class=\"wp-block-latest-posts__post-excerpt\"><div class=\"entry-summary\">\nDie an der Ostk\u00fcste Australiens vorgelagerte Insel im April 2014.\n<\/div><div class=\"link-more-container\"><a href=\"https:\/\/stefanaumann.com\/?p=9348\" class=\"link-more\" aria-label=\"Continue reading North Stradbroke Island, AUS\">Continue reading&hellip;<\/a><\/div><\/div><\/li>\n<li><div class=\"wp-block-latest-posts__featured-image\"><img loading=\"lazy\" decoding=\"async\" width=\"845\" height=\"563\" src=\"https:\/\/stefanaumann.com\/wp-content\/uploads\/2020\/11\/bau03-845x563.jpg\" class=\"attachment-large size-large wp-post-image\" alt=\"\" style=\"\" srcset=\"https:\/\/stefanaumann.com\/wp-content\/uploads\/2020\/11\/bau03-845x563.jpg 845w, https:\/\/stefanaumann.com\/wp-content\/uploads\/2020\/11\/bau03-300x200.jpg 300w, https:\/\/stefanaumann.com\/wp-content\/uploads\/2020\/11\/bau03-768x512.jpg 768w, https:\/\/stefanaumann.com\/wp-content\/uploads\/2020\/11\/bau03-1536x1024.jpg 1536w, https:\/\/stefanaumann.com\/wp-content\/uploads\/2020\/11\/bau03-2048x1365.jpg 2048w, https:\/\/stefanaumann.com\/wp-content\/uploads\/2020\/11\/bau03-1870x1247.jpg 1870w, https:\/\/stefanaumann.com\/wp-content\/uploads\/2020\/11\/bau03-400x267.jpg 400w, https:\/\/stefanaumann.com\/wp-content\/uploads\/2020\/11\/bau03-800x533.jpg 800w\" sizes=\"auto, (max-width: 845px) 100vw, 845px\" \/><\/div><a class=\"wp-block-latest-posts__post-title\" href=\"https:\/\/stefanaumann.com\/?p=9341\">Neubau in Lohne<\/a><div class=\"entry-meta\"><time datetime=\"2020-11-02T13:56:55+01:00\" class=\"wp-block-latest-posts__post-date\">2. November 2020<\/time><\/div><div class=\"wp-block-latest-posts__post-excerpt\"><div class=\"entry-summary\">\nNeubaugebiet \u201eS\u00fcdlich Nachtigallenweg\u201c, Leica M3, 50 mm, Fomapan 200, Adox APH 09, 1+25, 5 Min\n<\/div><div class=\"link-more-container\"><a href=\"https:\/\/stefanaumann.com\/?p=9341\" class=\"link-more\" aria-label=\"Continue reading Neubau in Lohne\">Continue reading&hellip;<\/a><\/div><\/div><\/li>\n<li><div class=\"wp-block-latest-posts__featured-image\"><img loading=\"lazy\" decoding=\"async\" width=\"845\" height=\"563\" src=\"https:\/\/stefanaumann.com\/wp-content\/uploads\/2020\/10\/MG_6879-845x563.jpg\" class=\"attachment-large size-large wp-post-image\" alt=\"\" style=\"\" srcset=\"https:\/\/stefanaumann.com\/wp-content\/uploads\/2020\/10\/MG_6879-845x563.jpg 845w, https:\/\/stefanaumann.com\/wp-content\/uploads\/2020\/10\/MG_6879-300x200.jpg 300w, https:\/\/stefanaumann.com\/wp-content\/uploads\/2020\/10\/MG_6879-768x512.jpg 768w, https:\/\/stefanaumann.com\/wp-content\/uploads\/2020\/10\/MG_6879-1536x1024.jpg 1536w, https:\/\/stefanaumann.com\/wp-content\/uploads\/2020\/10\/MG_6879-1870x1246.jpg 1870w, https:\/\/stefanaumann.com\/wp-content\/uploads\/2020\/10\/MG_6879-400x267.jpg 400w, https:\/\/stefanaumann.com\/wp-content\/uploads\/2020\/10\/MG_6879-800x533.jpg 800w, https:\/\/stefanaumann.com\/wp-content\/uploads\/2020\/10\/MG_6879.jpg 2000w\" sizes=\"auto, (max-width: 845px) 100vw, 845px\" \/><\/div><a class=\"wp-block-latest-posts__post-title\" href=\"https:\/\/stefanaumann.com\/?p=9328\">Roadtrip USA<\/a><div class=\"entry-meta\"><time datetime=\"2020-10-29T15:05:23+01:00\" class=\"wp-block-latest-posts__post-date\">29. Oktober 2020<\/time><\/div><div class=\"wp-block-latest-posts__post-excerpt\"><div class=\"entry-summary\">\nLA, San Francisoco, Hoover Dam, Las Vegas und Chicago, Canon 30D, 2012\n<\/div><div class=\"link-more-container\"><a href=\"https:\/\/stefanaumann.com\/?p=9328\" class=\"link-more\" aria-label=\"Continue reading Roadtrip USA\">Continue reading&hellip;<\/a><\/div><\/div><\/li>\n<li><div class=\"wp-block-latest-posts__featured-image\"><img loading=\"lazy\" decoding=\"async\" width=\"845\" height=\"845\" src=\"https:\/\/stefanaumann.com\/wp-content\/uploads\/2020\/10\/adox63-hopen-01-845x845.jpg\" class=\"attachment-large size-large wp-post-image\" alt=\"\" style=\"\" srcset=\"https:\/\/stefanaumann.com\/wp-content\/uploads\/2020\/10\/adox63-hopen-01-845x845.jpg 845w, https:\/\/stefanaumann.com\/wp-content\/uploads\/2020\/10\/adox63-hopen-01-300x300.jpg 300w, https:\/\/stefanaumann.com\/wp-content\/uploads\/2020\/10\/adox63-hopen-01-145x145.jpg 145w, https:\/\/stefanaumann.com\/wp-content\/uploads\/2020\/10\/adox63-hopen-01-768x768.jpg 768w, https:\/\/stefanaumann.com\/wp-content\/uploads\/2020\/10\/adox63-hopen-01-1536x1536.jpg 1536w, https:\/\/stefanaumann.com\/wp-content\/uploads\/2020\/10\/adox63-hopen-01-1870x1870.jpg 1870w, https:\/\/stefanaumann.com\/wp-content\/uploads\/2020\/10\/adox63-hopen-01-400x400.jpg 400w, https:\/\/stefanaumann.com\/wp-content\/uploads\/2020\/10\/adox63-hopen-01-800x800.jpg 800w, https:\/\/stefanaumann.com\/wp-content\/uploads\/2020\/10\/adox63-hopen-01-700x700.jpg 700w, https:\/\/stefanaumann.com\/wp-content\/uploads\/2020\/10\/adox63-hopen-01-620x620.jpg 620w, https:\/\/stefanaumann.com\/wp-content\/uploads\/2020\/10\/adox63-hopen-01.jpg 2000w\" sizes=\"auto, (max-width: 845px) 100vw, 845px\" \/><\/div><a class=\"wp-block-latest-posts__post-title\" href=\"https:\/\/stefanaumann.com\/?p=9264\">Hopener Wald im Mittelformat<\/a><div class=\"entry-meta\"><time datetime=\"2020-10-28T13:37:00+01:00\" class=\"wp-block-latest-posts__post-date\">28. Oktober 2020<\/time><\/div><div class=\"wp-block-latest-posts__post-excerpt\"><div class=\"entry-summary\">\nKamera: Adox Golf 63, Objektiv: Adoxar F=75 mm 1:6,3, Film: Fomapan 200, Entwicklung: Adox APH09 f\u00fcr 5 Minuten mit Kipprhythmus\n<\/div><div class=\"link-more-container\"><a href=\"https:\/\/stefanaumann.com\/?p=9264\" class=\"link-more\" aria-label=\"Continue reading Hopener Wald im Mittelformat\">Continue reading&hellip;<\/a><\/div><\/div><\/li>\n<li><div class=\"wp-block-latest-posts__featured-image\"><img loading=\"lazy\" decoding=\"async\" width=\"845\" height=\"562\" src=\"https:\/\/stefanaumann.com\/wp-content\/uploads\/2018\/10\/L1012408-845x562.jpg\" class=\"attachment-large size-large wp-post-image\" alt=\"\" style=\"\" srcset=\"https:\/\/stefanaumann.com\/wp-content\/uploads\/2018\/10\/L1012408-845x562.jpg 845w, https:\/\/stefanaumann.com\/wp-content\/uploads\/2018\/10\/L1012408-300x200.jpg 300w, https:\/\/stefanaumann.com\/wp-content\/uploads\/2018\/10\/L1012408-768x511.jpg 768w, https:\/\/stefanaumann.com\/wp-content\/uploads\/2018\/10\/L1012408.jpg 1500w\" sizes=\"auto, (max-width: 845px) 100vw, 845px\" \/><\/div><a class=\"wp-block-latest-posts__post-title\" href=\"https:\/\/stefanaumann.com\/?p=8933\">R\u00f8m\u00f8, DK<\/a><div class=\"entry-meta\"><time datetime=\"2018-10-04T20:00:47+01:00\" class=\"wp-block-latest-posts__post-date\">4. Oktober 2018<\/time><\/div><div class=\"wp-block-latest-posts__post-excerpt\"><div class=\"entry-summary\">\nDie d\u00e4nische Insel fotografiert mit der Leica M9, 2018.\n<\/div><div class=\"link-more-container\"><a href=\"https:\/\/stefanaumann.com\/?p=8933\" class=\"link-more\" aria-label=\"Continue reading R\u00f8m\u00f8, DK\">Continue reading&hellip;<\/a><\/div><\/div><\/li>\n<li><div class=\"wp-block-latest-posts__featured-image\"><img loading=\"lazy\" decoding=\"async\" width=\"845\" height=\"659\" src=\"https:\/\/stefanaumann.com\/wp-content\/uploads\/2018\/06\/ehap001-845x659.jpg\" class=\"attachment-large size-large wp-post-image\" alt=\"\" style=\"\" srcset=\"https:\/\/stefanaumann.com\/wp-content\/uploads\/2018\/06\/ehap001-845x659.jpg 845w, https:\/\/stefanaumann.com\/wp-content\/uploads\/2018\/06\/ehap001-300x234.jpg 300w, https:\/\/stefanaumann.com\/wp-content\/uploads\/2018\/06\/ehap001-768x599.jpg 768w, https:\/\/stefanaumann.com\/wp-content\/uploads\/2018\/06\/ehap001-1641x1280.jpg 1641w\" sizes=\"auto, (max-width: 845px) 100vw, 845px\" \/><\/div><a class=\"wp-block-latest-posts__post-title\" href=\"https:\/\/stefanaumann.com\/?p=8877\">Eine Hommage ans Pillhuhn<\/a><div class=\"entry-meta\"><time datetime=\"2018-06-22T05:56:02+01:00\" class=\"wp-block-latest-posts__post-date\">22. Juni 2018<\/time><\/div><div class=\"wp-block-latest-posts__post-excerpt\"><div class=\"link-more-container\"><a href=\"https:\/\/stefanaumann.com\/?p=8877\" class=\"link-more\" aria-label=\"Continue reading Eine Hommage ans Pillhuhn\">Continue reading&hellip;<\/a><\/div><\/div><\/li>\n<li><div class=\"wp-block-latest-posts__featured-image\"><img loading=\"lazy\" decoding=\"async\" width=\"845\" height=\"1270\" src=\"https:\/\/stefanaumann.com\/wp-content\/uploads\/2018\/01\/L1008389-845x1270.jpg\" class=\"attachment-large size-large wp-post-image\" alt=\"\" style=\"\" srcset=\"https:\/\/stefanaumann.com\/wp-content\/uploads\/2018\/01\/L1008389-845x1270.jpg 845w, https:\/\/stefanaumann.com\/wp-content\/uploads\/2018\/01\/L1008389-200x300.jpg 200w, https:\/\/stefanaumann.com\/wp-content\/uploads\/2018\/01\/L1008389-768x1154.jpg 768w, https:\/\/stefanaumann.com\/wp-content\/uploads\/2018\/01\/L1008389-852x1280.jpg 852w, https:\/\/stefanaumann.com\/wp-content\/uploads\/2018\/01\/L1008389.jpg 998w\" sizes=\"auto, (max-width: 845px) 100vw, 845px\" \/><\/div><a class=\"wp-block-latest-posts__post-title\" href=\"https:\/\/stefanaumann.com\/?p=8581\">Wangerooge<\/a><div class=\"entry-meta\"><time datetime=\"2018-01-29T20:54:31+01:00\" class=\"wp-block-latest-posts__post-date\">29. Januar 2018<\/time><\/div><div class=\"wp-block-latest-posts__post-excerpt\"><div class=\"entry-summary\">\nFotografiert mit der Canon 6D und Leica M9.\n<\/div><div class=\"link-more-container\"><a href=\"https:\/\/stefanaumann.com\/?p=8581\" class=\"link-more\" aria-label=\"Continue reading Wangerooge\">Continue reading&hellip;<\/a><\/div><\/div><\/li>\n<li><div class=\"wp-block-latest-posts__featured-image\"><img loading=\"lazy\" decoding=\"async\" width=\"845\" height=\"562\" src=\"https:\/\/stefanaumann.com\/wp-content\/uploads\/2017\/12\/L1007602-845x562.jpg\" class=\"attachment-large size-large wp-post-image\" alt=\"\" style=\"\" srcset=\"https:\/\/stefanaumann.com\/wp-content\/uploads\/2017\/12\/L1007602-845x562.jpg 845w, https:\/\/stefanaumann.com\/wp-content\/uploads\/2017\/12\/L1007602-300x200.jpg 300w, https:\/\/stefanaumann.com\/wp-content\/uploads\/2017\/12\/L1007602-768x511.jpg 768w, https:\/\/stefanaumann.com\/wp-content\/uploads\/2017\/12\/L1007602.jpg 1500w\" sizes=\"auto, (max-width: 845px) 100vw, 845px\" \/><\/div><a class=\"wp-block-latest-posts__post-title\" href=\"https:\/\/stefanaumann.com\/?p=8500\">Winter in Lohne<\/a><div class=\"entry-meta\"><time datetime=\"2017-12-10T18:14:20+01:00\" class=\"wp-block-latest-posts__post-date\">10. Dezember 2017<\/time><\/div><div class=\"wp-block-latest-posts__post-excerpt\"><div class=\"entry-summary\">\nKalte Jahreszeit mit der Leica M9 festgehalten.\n<\/div><div class=\"link-more-container\"><a href=\"https:\/\/stefanaumann.com\/?p=8500\" class=\"link-more\" aria-label=\"Continue reading Winter in Lohne\">Continue reading&hellip;<\/a><\/div><\/div><\/li>\n<li><div class=\"wp-block-latest-posts__featured-image\"><img loading=\"lazy\" decoding=\"async\" width=\"845\" height=\"477\" src=\"https:\/\/stefanaumann.com\/wp-content\/uploads\/2017\/10\/DSF4638-845x477.jpg\" class=\"attachment-large size-large wp-post-image\" alt=\"\" style=\"\" srcset=\"https:\/\/stefanaumann.com\/wp-content\/uploads\/2017\/10\/DSF4638-845x477.jpg 845w, https:\/\/stefanaumann.com\/wp-content\/uploads\/2017\/10\/DSF4638-300x169.jpg 300w, https:\/\/stefanaumann.com\/wp-content\/uploads\/2017\/10\/DSF4638-768x433.jpg 768w, https:\/\/stefanaumann.com\/wp-content\/uploads\/2017\/10\/DSF4638.jpg 1500w\" sizes=\"auto, (max-width: 845px) 100vw, 845px\" \/><\/div><a class=\"wp-block-latest-posts__post-title\" href=\"https:\/\/stefanaumann.com\/?p=8340\">Herbst in Lohne<\/a><div class=\"entry-meta\"><time datetime=\"2017-10-08T16:48:08+01:00\" class=\"wp-block-latest-posts__post-date\">8. Oktober 2017<\/time><\/div><div class=\"wp-block-latest-posts__post-excerpt\"><div class=\"entry-summary\">\nFotografiert mit der Fuji XE-2\n<\/div><div class=\"link-more-container\"><a href=\"https:\/\/stefanaumann.com\/?p=8340\" class=\"link-more\" aria-label=\"Continue reading Herbst in Lohne\">Continue reading&hellip;<\/a><\/div><\/div><\/li>\n<li><div class=\"wp-block-latest-posts__featured-image\"><img loading=\"lazy\" decoding=\"async\" width=\"845\" height=\"562\" src=\"https:\/\/stefanaumann.com\/wp-content\/uploads\/2017\/09\/L1005782-2-845x562.jpg\" class=\"attachment-large size-large wp-post-image\" alt=\"\" style=\"\" srcset=\"https:\/\/stefanaumann.com\/wp-content\/uploads\/2017\/09\/L1005782-2-845x562.jpg 845w, https:\/\/stefanaumann.com\/wp-content\/uploads\/2017\/09\/L1005782-2-300x200.jpg 300w, https:\/\/stefanaumann.com\/wp-content\/uploads\/2017\/09\/L1005782-2-768x511.jpg 768w, https:\/\/stefanaumann.com\/wp-content\/uploads\/2017\/09\/L1005782-2-1920x1278.jpg 1920w\" sizes=\"auto, (max-width: 845px) 100vw, 845px\" \/><\/div><a class=\"wp-block-latest-posts__post-title\" href=\"https:\/\/stefanaumann.com\/?p=8178\">Infrarotfotografie am Bergsee<\/a><div class=\"entry-meta\"><time datetime=\"2017-09-17T16:27:44+01:00\" class=\"wp-block-latest-posts__post-date\">17. September 2017<\/time><\/div><div class=\"wp-block-latest-posts__post-excerpt\"><div class=\"entry-summary\">\nInfrarotaufnahmen mit 720 Nanometerfilter am Bergsee in Damme.\n<\/div><div class=\"link-more-container\"><a href=\"https:\/\/stefanaumann.com\/?p=8178\" class=\"link-more\" aria-label=\"Continue reading Infrarotfotografie am Bergsee\">Continue reading&hellip;<\/a><\/div><\/div><\/li>\n<li><div class=\"wp-block-latest-posts__featured-image\"><img loading=\"lazy\" decoding=\"async\" width=\"845\" height=\"562\" src=\"https:\/\/stefanaumann.com\/wp-content\/uploads\/2017\/08\/L1003797-845x562.jpg\" class=\"attachment-large size-large wp-post-image\" alt=\"\" style=\"\" srcset=\"https:\/\/stefanaumann.com\/wp-content\/uploads\/2017\/08\/L1003797-845x562.jpg 845w, https:\/\/stefanaumann.com\/wp-content\/uploads\/2017\/08\/L1003797-300x200.jpg 300w, https:\/\/stefanaumann.com\/wp-content\/uploads\/2017\/08\/L1003797-768x511.jpg 768w, https:\/\/stefanaumann.com\/wp-content\/uploads\/2017\/08\/L1003797.jpg 1500w\" sizes=\"auto, (max-width: 845px) 100vw, 845px\" \/><\/div><a class=\"wp-block-latest-posts__post-title\" href=\"https:\/\/stefanaumann.com\/?p=8027\">St. Pauli Party<\/a><div class=\"entry-meta\"><time datetime=\"2017-08-01T07:45:04+01:00\" class=\"wp-block-latest-posts__post-date\">1. August 2017<\/time><\/div><div class=\"wp-block-latest-posts__post-excerpt\"><div class=\"entry-summary\">\nAn Pfingsten pilgert man zur St. Pauli Party nach Kroge zu Hansi.\n<\/div><div class=\"link-more-container\"><a href=\"https:\/\/stefanaumann.com\/?p=8027\" class=\"link-more\" aria-label=\"Continue reading St. Pauli Party\">Continue reading&hellip;<\/a><\/div><\/div><\/li>\n<li><div class=\"wp-block-latest-posts__featured-image\"><img loading=\"lazy\" decoding=\"async\" width=\"845\" height=\"1270\" src=\"https:\/\/stefanaumann.com\/wp-content\/uploads\/2015\/11\/L1004241-845x1270.jpg\" class=\"attachment-large size-large wp-post-image\" alt=\"\" style=\"\" srcset=\"https:\/\/stefanaumann.com\/wp-content\/uploads\/2015\/11\/L1004241-845x1270.jpg 845w, https:\/\/stefanaumann.com\/wp-content\/uploads\/2015\/11\/L1004241-200x300.jpg 200w, https:\/\/stefanaumann.com\/wp-content\/uploads\/2015\/11\/L1004241-768x1154.jpg 768w, https:\/\/stefanaumann.com\/wp-content\/uploads\/2015\/11\/L1004241-852x1280.jpg 852w, https:\/\/stefanaumann.com\/wp-content\/uploads\/2015\/11\/L1004241.jpg 998w\" sizes=\"auto, (max-width: 845px) 100vw, 845px\" \/><\/div><a class=\"wp-block-latest-posts__post-title\" href=\"https:\/\/stefanaumann.com\/?p=7142\">Ein Tag in HB<\/a><div class=\"entry-meta\"><time datetime=\"2017-06-27T08:00:48+01:00\" class=\"wp-block-latest-posts__post-date\">27. Juni 2017<\/time><\/div><div class=\"wp-block-latest-posts__post-excerpt\"><div class=\"link-more-container\"><a href=\"https:\/\/stefanaumann.com\/?p=7142\" class=\"link-more\" aria-label=\"Continue reading Ein Tag in HB\">Continue reading&hellip;<\/a><\/div><\/div><\/li>\n<li><div class=\"wp-block-latest-posts__featured-image\"><img loading=\"lazy\" decoding=\"async\" width=\"845\" height=\"563\" src=\"https:\/\/stefanaumann.com\/wp-content\/uploads\/2017\/05\/IMG_5372-845x563.jpg\" class=\"attachment-large size-large wp-post-image\" alt=\"\" style=\"\" srcset=\"https:\/\/stefanaumann.com\/wp-content\/uploads\/2017\/05\/IMG_5372-845x563.jpg 845w, https:\/\/stefanaumann.com\/wp-content\/uploads\/2017\/05\/IMG_5372-300x200.jpg 300w, https:\/\/stefanaumann.com\/wp-content\/uploads\/2017\/05\/IMG_5372-768x512.jpg 768w, https:\/\/stefanaumann.com\/wp-content\/uploads\/2017\/05\/IMG_5372.jpg 1500w\" sizes=\"auto, (max-width: 845px) 100vw, 845px\" \/><\/div><a class=\"wp-block-latest-posts__post-title\" href=\"https:\/\/stefanaumann.com\/?p=7970\">Im Hafen<\/a><div class=\"entry-meta\"><time datetime=\"2017-05-08T19:03:27+01:00\" class=\"wp-block-latest-posts__post-date\">8. Mai 2017<\/time><\/div><div class=\"wp-block-latest-posts__post-excerpt\"><div class=\"entry-summary\">\nIm Ostseehafen Breege.\n<\/div><div class=\"link-more-container\"><a href=\"https:\/\/stefanaumann.com\/?p=7970\" class=\"link-more\" aria-label=\"Continue reading Im Hafen\">Continue reading&hellip;<\/a><\/div><\/div><\/li>\n<li><div class=\"wp-block-latest-posts__featured-image\"><img loading=\"lazy\" decoding=\"async\" width=\"845\" height=\"562\" src=\"https:\/\/stefanaumann.com\/wp-content\/uploads\/2017\/04\/L1003501-845x562.jpg\" class=\"attachment-large size-large wp-post-image\" alt=\"\" style=\"\" srcset=\"https:\/\/stefanaumann.com\/wp-content\/uploads\/2017\/04\/L1003501-845x562.jpg 845w, https:\/\/stefanaumann.com\/wp-content\/uploads\/2017\/04\/L1003501-300x200.jpg 300w, https:\/\/stefanaumann.com\/wp-content\/uploads\/2017\/04\/L1003501-768x511.jpg 768w, https:\/\/stefanaumann.com\/wp-content\/uploads\/2017\/04\/L1003501.jpg 1500w\" sizes=\"auto, (max-width: 845px) 100vw, 845px\" \/><\/div><a class=\"wp-block-latest-posts__post-title\" href=\"https:\/\/stefanaumann.com\/?p=7922\">London, GB<\/a><div class=\"entry-meta\"><time datetime=\"2017-04-11T18:46:10+01:00\" class=\"wp-block-latest-posts__post-date\">11. April 2017<\/time><\/div><div class=\"wp-block-latest-posts__post-excerpt\"><div class=\"link-more-container\"><a href=\"https:\/\/stefanaumann.com\/?p=7922\" class=\"link-more\" aria-label=\"Continue reading London, GB\">Continue reading&hellip;<\/a><\/div><\/div><\/li>\n<li><div class=\"wp-block-latest-posts__featured-image\"><img loading=\"lazy\" decoding=\"async\" width=\"845\" height=\"1183\" src=\"https:\/\/stefanaumann.com\/wp-content\/uploads\/2016\/12\/michelle-02-845x1183.jpg\" class=\"attachment-large size-large wp-post-image\" alt=\"\" style=\"\" srcset=\"https:\/\/stefanaumann.com\/wp-content\/uploads\/2016\/12\/michelle-02-845x1183.jpg 845w, https:\/\/stefanaumann.com\/wp-content\/uploads\/2016\/12\/michelle-02-214x300.jpg 214w, https:\/\/stefanaumann.com\/wp-content\/uploads\/2016\/12\/michelle-02-768x1076.jpg 768w, https:\/\/stefanaumann.com\/wp-content\/uploads\/2016\/12\/michelle-02-914x1280.jpg 914w, https:\/\/stefanaumann.com\/wp-content\/uploads\/2016\/12\/michelle-02.jpg 1071w\" sizes=\"auto, (max-width: 845px) 100vw, 845px\" \/><\/div><a class=\"wp-block-latest-posts__post-title\" href=\"https:\/\/stefanaumann.com\/?p=7786\">\u00dcberlagerung<\/a><div class=\"entry-meta\"><time datetime=\"2016-12-20T15:44:42+01:00\" class=\"wp-block-latest-posts__post-date\">20. Dezember 2016<\/time><\/div><div class=\"wp-block-latest-posts__post-excerpt\"><div class=\"entry-summary\">\nEntstandene Arbeiten im Rahmen eines Gasth\u00f6rersemesters an der Universit\u00e4t Vechta im Fach Designp\u00e4dagogik bei der Fotografin Sabine Bley.\n<\/div><div class=\"link-more-container\"><a href=\"https:\/\/stefanaumann.com\/?p=7786\" class=\"link-more\" aria-label=\"Continue reading \u00dcberlagerung\">Continue reading&hellip;<\/a><\/div><\/div><\/li>\n<li><div class=\"wp-block-latest-posts__featured-image\"><img loading=\"lazy\" decoding=\"async\" width=\"845\" height=\"282\" src=\"https:\/\/stefanaumann.com\/wp-content\/uploads\/2016\/10\/ney04.jpg\" class=\"attachment-large size-large wp-post-image\" alt=\"\" style=\"\" srcset=\"https:\/\/stefanaumann.com\/wp-content\/uploads\/2016\/10\/ney04.jpg 1500w, https:\/\/stefanaumann.com\/wp-content\/uploads\/2016\/10\/ney04-300x100.jpg 300w, https:\/\/stefanaumann.com\/wp-content\/uploads\/2016\/10\/ney04-768x256.jpg 768w\" sizes=\"auto, (max-width: 845px) 100vw, 845px\" \/><\/div><a class=\"wp-block-latest-posts__post-title\" href=\"https:\/\/stefanaumann.com\/?p=7525\">Norderney<\/a><div class=\"entry-meta\"><time datetime=\"2016-10-08T10:29:45+01:00\" class=\"wp-block-latest-posts__post-date\">8. Oktober 2016<\/time><\/div><div class=\"wp-block-latest-posts__post-excerpt\"><div class=\"entry-summary\">\nEinige Panoramafotos von der ostfriesischen Insel. Canon 6D.\n<\/div><div class=\"link-more-container\"><a href=\"https:\/\/stefanaumann.com\/?p=7525\" class=\"link-more\" aria-label=\"Continue reading Norderney\">Continue reading&hellip;<\/a><\/div><\/div><\/li>\n<li><div class=\"wp-block-latest-posts__featured-image\"><img loading=\"lazy\" decoding=\"async\" width=\"845\" height=\"634\" src=\"https:\/\/stefanaumann.com\/wp-content\/uploads\/2016\/05\/P5185865.jpg\" class=\"attachment-large size-large wp-post-image\" alt=\"\" style=\"\" srcset=\"https:\/\/stefanaumann.com\/wp-content\/uploads\/2016\/05\/P5185865.jpg 2000w, https:\/\/stefanaumann.com\/wp-content\/uploads\/2016\/05\/P5185865-300x225.jpg 300w, https:\/\/stefanaumann.com\/wp-content\/uploads\/2016\/05\/P5185865-768x576.jpg 768w, https:\/\/stefanaumann.com\/wp-content\/uploads\/2016\/05\/P5185865-1707x1280.jpg 1707w\" sizes=\"auto, (max-width: 845px) 100vw, 845px\" \/><\/div><a class=\"wp-block-latest-posts__post-title\" href=\"https:\/\/stefanaumann.com\/?p=7373\">New York, USA<\/a><div class=\"entry-meta\"><time datetime=\"2016-05-25T11:58:45+01:00\" class=\"wp-block-latest-posts__post-date\">25. Mai 2016<\/time><\/div><div class=\"wp-block-latest-posts__post-excerpt\"><div class=\"entry-summary\">\nAmerikas Metropole an der Ostk\u00fcste.\n<\/div><div class=\"link-more-container\"><a href=\"https:\/\/stefanaumann.com\/?p=7373\" class=\"link-more\" aria-label=\"Continue reading New York, USA\">Continue reading&hellip;<\/a><\/div><\/div><\/li>\n<\/ul><\/div><\/div>","protected":false},"excerpt":{"rendered":"<div class=\"link-more-container\"><a href=\"https:\/\/stefanaumann.com\/?page_id=9748\" class=\"link-more\" aria-label=\"Continue reading Fotografie\">Continue reading&hellip;<\/a><\/div>\n","protected":false},"author":1,"featured_media":0,"parent":0,"menu_order":0,"comment_status":"closed","ping_status":"closed","template":"templates\/no-intro-header-overlaid-dark.php","meta":{"footnotes":""},"class_list":["post-9748","page","type-page","status-publish","hentry","entry","entry-type-page"],"_links":{"self":[{"href":"https:\/\/stefanaumann.com\/index.php?rest_route=\/wp\/v2\/pages\/9748","targetHints":{"allow":["GET"]}}],"collection":[{"href":"https:\/\/stefanaumann.com\/index.php?rest_route=\/wp\/v2\/pages"}],"about":[{"href":"https:\/\/stefanaumann.com\/index.php?rest_route=\/wp\/v2\/types\/page"}],"author":[{"embeddable":true,"href":"https:\/\/stefanaumann.com\/index.php?rest_route=\/wp\/v2\/users\/1"}],"replies":[{"embeddable":true,"href":"https:\/\/stefanaumann.com\/index.php?rest_route=%2Fwp%2Fv2%2Fcomments&post=9748"}],"version-history":[{"count":9,"href":"https:\/\/stefanaumann.com\/index.php?rest_route=\/wp\/v2\/pages\/9748\/revisions"}],"predecessor-version":[{"id":10044,"href":"https:\/\/stefanaumann.com\/index.php?rest_route=\/wp\/v2\/pages\/9748\/revisions\/10044"}],"wp:attachment":[{"href":"https:\/\/stefanaumann.com\/index.php?rest_route=%2Fwp%2Fv2%2Fmedia&parent=9748"}],"curies":[{"name":"wp","href":"https:\/\/api.w.org\/{rel}","templated":true}]}}